{"id":112,"date":"2016-09-27T10:19:13","date_gmt":"2016-09-27T10:19:13","guid":{"rendered":"http:\/\/xarxaomnia.gencat.cat\/blocs\/centcelles\/?page_id=112"},"modified":"2016-09-27T10:38:23","modified_gmt":"2016-09-27T10:38:23","slug":"el-barri-centcelles","status":"publish","type":"page","link":"https:\/\/bloc.xarxa-omnia.org\/centcelles\/el-barri-centcelles\/","title":{"rendered":"El barri"},"content":{"rendered":"<p><span data-scayt_word=\"Entre\" data-scaytid=\"1\">Entre<\/span> <span data-scayt_word=\"Constant\u00ed\" data-scaytid=\"2\">Constant\u00ed<\/span> i el <span data-scayt_word=\"riu\" data-scaytid=\"3\">riu<\/span> <span data-scayt_word=\"Francol\u00ed\" data-scaytid=\"4\">Francol\u00ed<\/span>, <span data-scayt_word=\"s\u00b4alcen\" data-scaytid=\"5\">s\u2019alcen<\/span> les <span data-scayt_word=\"restes\" data-scaytid=\"6\">restes<\/span> <span data-scayt_word=\"d\u00b4una\" data-scaytid=\"8\">d\u2019una<\/span> <span data-scayt_word=\"gran\" data-scaytid=\"9\">gran<\/span> <span data-scayt_word=\"vil\u00b7la\" data-scaytid=\"10\">vil\u2022la<\/span> <span data-scayt_word=\"romana\" data-scaytid=\"11\">romana<\/span> <span data-scayt_word=\"que\" data-scaytid=\"12\">que<\/span> ha <span data-scayt_word=\"despertat\" data-scaytid=\"14\">despertat<\/span> <span data-scayt_word=\"l\u00b4inter\u00e8s\" data-scaytid=\"15\">l\u2019inter\u00e8s<\/span><span data-scayt_word=\"d\u00b4estudiosos\" data-scaytid=\"16\">d\u2019estudiosos<\/span> i <span data-scayt_word=\"afeccionats\" data-scaytid=\"17\">afeccionats<\/span> des de finals del <span data-scayt_word=\"segle\" data-scaytid=\"18\">segle<\/span> <span data-scayt_word=\"XIX\" data-scaytid=\"20\">XIX<\/span> (els mosaics <span data-scayt_word=\"es\" data-scaytid=\"21\">es<\/span> <span data-scayt_word=\"descobreixen\" data-scaytid=\"22\">descobreixen<\/span> <span data-scayt_word=\"l\u00b4any\" data-scaytid=\"23\">l\u2019any<\/span> 1877), tot i <span data-scayt_word=\"que\" data-scaytid=\"13\">que<\/span> <span data-scayt_word=\"ja\" data-scaytid=\"24\">ja<\/span><span data-scayt_word=\"Llu\u00eds\" data-scaytid=\"25\">Llu\u00eds<\/span> Pons <span data-scayt_word=\"d\u00b4Icart\" data-scaytid=\"26\">d\u2019Icart<\/span> <span data-scayt_word=\"havia\" data-scaytid=\"27\">havia<\/span> <span data-scayt_word=\"assenyalat\" data-scaytid=\"28\">assenyalat<\/span> la <span data-scayt_word=\"romanitat\" data-scaytid=\"29\">romanitat<\/span> de les <span data-scayt_word=\"restes\" data-scaytid=\"7\">restes<\/span> a finals del <span data-scayt_word=\"segle\" data-scaytid=\"19\">segle<\/span> XVI.<img loading=\"lazy\" decoding=\"async\" class=\"size-medium wp-image-126 alignleft\" src=\"http:\/\/xarxaomnia.gencat.cat\/blocs\/centcelles\/files\/2016\/09\/barric-300x192.jpeg\" alt=\"\" width=\"300\" height=\"192\" srcset=\"https:\/\/bloc.xarxa-omnia.org\/centcelles\/files\/2016\/09\/barric-300x192.jpeg 300w, https:\/\/bloc.xarxa-omnia.org\/centcelles\/files\/2016\/09\/barric.jpeg 620w\" sizes=\"auto, (max-width: 300px) 100vw, 300px\" \/><\/p>\n<p>Les <span data-scayt_word=\"restes\" data-scaytid=\"59\">restes<\/span> <span data-scayt_word=\"m\u00e9s\" data-scaytid=\"102\">m\u00e9s<\/span> <span data-scayt_word=\"antigues\" data-scaytid=\"103\">antigues<\/span> <span data-scayt_word=\"corresponen\" data-scaytid=\"104\">corresponen<\/span> a un petit <span data-scayt_word=\"establiment\" data-scaytid=\"106\">establiment<\/span> rural <span data-scayt_word=\"d\u00b4\u00e8poca\" data-scaytid=\"107\">d\u2019\u00e8poca<\/span> <span data-scayt_word=\"republicana\" data-scaytid=\"109\">republicana<\/span> <span data-scayt_word=\"que\" data-scaytid=\"61\">que<\/span> en els <span data-scayt_word=\"segles\" data-scaytid=\"112\">segles<\/span> II-I<span data-scayt_word=\"aC\" data-scaytid=\"113\">aC<\/span> <span data-scayt_word=\"devia\" data-scaytid=\"114\">devia<\/span> <span data-scayt_word=\"aprofitar\" data-scaytid=\"115\">aprofitar<\/span> el <span data-scayt_word=\"potencial\" data-scaytid=\"116\">potencial<\/span> <span data-scayt_word=\"agr\u00edcola\" data-scaytid=\"117\">agr\u00edcola<\/span> del <span data-scayt_word=\"marge\" data-scaytid=\"119\">marge<\/span> <span data-scayt_word=\"dret\" data-scaytid=\"120\">dret<\/span> del <span data-scayt_word=\"riu\" data-scaytid=\"63\">riu<\/span> <span data-scayt_word=\"Francol\u00ed\" data-scaytid=\"64\">Francol\u00ed<\/span>, <span data-scayt_word=\"una\" data-scaytid=\"123\">una<\/span> via natural de <span data-scayt_word=\"comunicaci\u00f3\" data-scaytid=\"126\">comunicaci\u00f3<\/span> <span data-scayt_word=\"entre\" data-scaytid=\"127\">entre<\/span>la <span data-scayt_word=\"costa\" data-scaytid=\"128\">costa<\/span> (<span data-scayt_word=\"Tarraco\" data-scaytid=\"129\">Tarraco<\/span>) i les planes de <span data-scayt_word=\"l\u00b4interior\" data-scaytid=\"130\">l\u2019interior<\/span> (<span data-scayt_word=\"Ilerda\" data-scaytid=\"131\">Ilerda<\/span>). En <span data-scayt_word=\"\u00e8poca\" data-scaytid=\"132\">\u00e8poca<\/span> Imperial (I-II <span data-scayt_word=\"dC\" data-scaytid=\"133\">dC<\/span>) <span data-scayt_word=\"es\" data-scaytid=\"65\">es<\/span> <span data-scayt_word=\"construeix\" data-scaytid=\"136\">construeix<\/span> <span data-scayt_word=\"una\" data-scaytid=\"124\">una<\/span> <span data-scayt_word=\"primera\" data-scaytid=\"137\">primera<\/span> <span data-scayt_word=\"vil\u00b7la\" data-scaytid=\"66\">vil\u2022la<\/span><span data-scayt_word=\"romana\" data-scaytid=\"68\">romana<\/span> <span data-scayt_word=\"adre\u00e7ada\" data-scaytid=\"141\">adre\u00e7ada<\/span> <span data-scayt_word=\"principalment\" data-scaytid=\"142\">principalment<\/span> a <span data-scayt_word=\"l\u00b4explotaci\u00f3\" data-scaytid=\"143\">l\u2019explotaci\u00f3<\/span> <span data-scayt_word=\"agr\u00edcola\" data-scaytid=\"118\">agr\u00edcola<\/span>. <span data-scayt_word=\"Aquest\" data-scaytid=\"144\">Aquest<\/span> <span data-scayt_word=\"edifici\" data-scaytid=\"145\">edifici<\/span>, reformat en el <span data-scayt_word=\"segle\" data-scaytid=\"69\">segle<\/span> III <span data-scayt_word=\"dC\" data-scaytid=\"134\">dC<\/span>, <span data-scayt_word=\"desapareix\" data-scaytid=\"149\">desapareix<\/span>per <span data-scayt_word=\"deixar\" data-scaytid=\"150\">deixar<\/span> pas, en un moment <span data-scayt_word=\"encara\" data-scaytid=\"151\">encara<\/span> <span data-scayt_word=\"incert\" data-scaytid=\"152\">incert<\/span> del <span data-scayt_word=\"segle\" data-scaytid=\"70\">segle<\/span> IV, a <span data-scayt_word=\"una\" data-scaytid=\"125\">una<\/span> nova <span data-scayt_word=\"vil\u00b7la\" data-scaytid=\"67\">vil\u2022la<\/span> <span data-scayt_word=\"caracteritzada\" data-scaytid=\"153\">caracteritzada<\/span> per la<span data-scayt_word=\"monumentalitat\" data-scaytid=\"154\">monumentalitat<\/span> del sector <span data-scayt_word=\"residencial\" data-scaytid=\"155\">residencial<\/span>. Les <span data-scayt_word=\"restes\" data-scaytid=\"60\">restes<\/span> <span data-scayt_word=\"actualment\" data-scaytid=\"156\">actualment<\/span> <span data-scayt_word=\"visibles\" data-scaytid=\"157\">visibles<\/span> i <span data-scayt_word=\"visitables\" data-scaytid=\"158\">visitables<\/span> <span data-scayt_word=\"corresponen\" data-scaytid=\"105\">corresponen<\/span> a <span data-scayt_word=\"aquest\" data-scaytid=\"159\">aquest<\/span><span data-scayt_word=\"edifici\" data-scaytid=\"146\">edifici<\/span> <span data-scayt_word=\"d\u00b4\u00e8poca\" data-scaytid=\"108\">d\u2019\u00e8poca<\/span> <span data-scayt_word=\"tardana\" data-scaytid=\"160\">tardana<\/span> <span data-scayt_word=\"que\" data-scaytid=\"62\">que<\/span> <span data-scayt_word=\"incorpora\" data-scaytid=\"161\">incorpora<\/span> en el <span data-scayt_word=\"seu\" data-scaytid=\"162\">seu<\/span> <span data-scayt_word=\"cos\" data-scaytid=\"163\">cos<\/span> central la <span data-scayt_word=\"sala\" data-scaytid=\"164\">sala<\/span> de la <span data-scayt_word=\"c\u00fapula\" data-scaytid=\"165\">c\u00fapula<\/span>.<\/p>\n<p>El mosaic <span data-scayt_word=\"que\" data-scaytid=\"232\">que<\/span> revesteix aquesta <span data-scayt_word=\"c\u00fapula\" data-scaytid=\"237\">c\u00fapula<\/span> est\u00e0 ordenat en tres franges horitzontals separades per bandes decoratives <span data-scayt_word=\"que\" data-scaytid=\"233\">que<\/span> culminen en un medall\u00f3 central. La franja inferior, situada per damunt de la pintura mural<span data-scayt_word=\"que\" data-scaytid=\"234\">que<\/span> decora les parets, representa <span data-scayt_word=\"una\" data-scaytid=\"239\">una<\/span> cacera presidida pel grup de ca\u00e7adors, on <span data-scayt_word=\"es\" data-scaytid=\"241\">es<\/span> destaca el personatge central, situat a l\u2019eix oposat a la porta, sobre la finestra, i <span data-scayt_word=\"que\" data-scaytid=\"235\">que<\/span> podria correspondre al &#8220;dominus&#8221; o senyor de la <span data-scayt_word=\"vil\u00b7la\" data-scaytid=\"243\">vil\u2022la<\/span>. La franja interm\u00e8dia est\u00e0 ocupada per panells amb representacions de diversos passatges de l\u2019Antic i del Nou Testament, com ara els profetes Daniel o Jon\u00e0s o la figura del Bon Pastor. La franja superior, sobre <span data-scayt_word=\"una\" data-scaytid=\"240\">una<\/span> ampla banda decorativa, presenta quatre panells amb escenes presidides per personatges entronitzats separats per les representacions de les estacions de <span data-scayt_word=\"l\u00b4any\" data-scaytid=\"244\">l\u2019any<\/span>. Del medall\u00f3 <span data-scayt_word=\"que\" data-scaytid=\"236\">que<\/span> decorava el zenit de la <span data-scayt_word=\"c\u00fapula\" data-scaytid=\"238\">c\u00fapula<\/span>, molt malm\u00e8s, nom\u00e9s <span data-scayt_word=\"es\" data-scaytid=\"242\">es<\/span> distingeixen dos rostres.<\/p>\n<p>La interpretaci\u00f3 de les escenes representades en el mosaic <span data-scayt_word=\"que\" data-scaytid=\"245\">que<\/span> decora la <span data-scayt_word=\"c\u00fapula\" data-scaytid=\"249\">c\u00fapula<\/span>, la troballa <span data-scayt_word=\"d\u00b4una\" data-scaytid=\"250\">d\u2019una<\/span> cripta sota el subs\u00f2l de la <span data-scayt_word=\"sala\" data-scaytid=\"252\">sala<\/span> i altres dades disperses, com el mateix nom de <span data-scayt_word=\"Constant\u00ed\" data-scaytid=\"253\">Constant\u00ed<\/span>, van fer pensar als investigadors alemanys <span data-scayt_word=\"que\" data-scaytid=\"246\">que<\/span> l\u2019edifici, projectat inicialment com a <span data-scayt_word=\"vil\u00b7la\" data-scaytid=\"255\">vil\u2022la<\/span>, va acabar convertint-se en mausoleu de Constant, fill de <span data-scayt_word=\"Constant\u00ed\" data-scaytid=\"254\">Constant\u00ed<\/span> el Gran, assassinat <span data-scayt_word=\"l\u00b4any\" data-scaytid=\"257\">l\u2019any<\/span> 350 <span data-scayt_word=\"dC\" data-scaytid=\"258\">dC<\/span> per l\u2019usurpador Magnenci. Aquesta proposta de considerar Centcelles com un mausoleu imperial ha propiciat l\u2019aparici\u00f3 d\u2019altres interpretacions <span data-scayt_word=\"que\" data-scaytid=\"247\">que<\/span> posen en dubte tant el car\u00e0cter funerari de l\u2019edifici com, especialment, el destinatari imperial de la tomba i les circumst\u00e0ncies hist\u00f2riques<span data-scayt_word=\"que\" data-scaytid=\"248\">que<\/span> l\u2019envoltarien. Actualment, <span data-scayt_word=\"es\" data-scaytid=\"259\">es<\/span> referma la tend\u00e8ncia a considerar Centcelles com <span data-scayt_word=\"una\" data-scaytid=\"260\">una<\/span> <span data-scayt_word=\"vil\u00b7la\" data-scaytid=\"256\">vil\u2022la<\/span> tardoromana propietat d\u2019un destacat personatge de la jerarquia eclesi\u00e0stica (bisbe) o civil (praeses, governador). No obstant, resten obertes les portes a la interpretaci\u00f3 definitiva <span data-scayt_word=\"d\u00b4una\" data-scaytid=\"251\">d\u2019una<\/span> edificaci\u00f3 tan singular i excepcional com Centcelles.<\/p>\n<div id=\"attachment_113\" style=\"width: 310px\" class=\"wp-caption alignright\"><img loading=\"lazy\" decoding=\"async\" aria-describedby=\"caption-attachment-113\" class=\"wp-image-113 size-medium\" src=\"http:\/\/xarxaomnia.gencat.cat\/blocs\/centcelles\/files\/2016\/09\/foto-de-centcelles-300x225.jpg\" alt=\"foto-de-centcelles\" width=\"300\" height=\"225\" srcset=\"https:\/\/bloc.xarxa-omnia.org\/centcelles\/files\/2016\/09\/foto-de-centcelles-300x225.jpg 300w, https:\/\/bloc.xarxa-omnia.org\/centcelles\/files\/2016\/09\/foto-de-centcelles-768x576.jpg 768w, https:\/\/bloc.xarxa-omnia.org\/centcelles\/files\/2016\/09\/foto-de-centcelles-1024x768.jpg 1024w\" sizes=\"auto, (max-width: 300px) 100vw, 300px\" \/><p id=\"caption-attachment-113\" class=\"wp-caption-text\">Runes a Centcelles.<\/p><\/div>\n<p>Abandonada a finals de l\u2019antiguitat <span data-scayt_word=\"tardana\" data-scaytid=\"261\">tardana<\/span>, l\u2019edificaci\u00f3 <span data-scayt_word=\"es\" data-scaytid=\"262\">es<\/span> transforma primer en esgl\u00e9sia (<span data-scayt_word=\"segles\" data-scaytid=\"264\">segles<\/span> XII-XIV) de la vila medieval de Centcelles, despr\u00e9s en ermita sota l\u2019advocaci\u00f3 de Sant Bartomeu (<span data-scayt_word=\"segles\" data-scaytid=\"265\">segles<\/span> XV- mitjans <span data-scayt_word=\"XIX\" data-scaytid=\"266\">XIX<\/span>) i, <span data-scayt_word=\"m\u00e9s\" data-scaytid=\"268\">m\u00e9s<\/span> tard, en masia (mitjans <span data-scayt_word=\"XIX\" data-scaytid=\"267\">XIX<\/span>&#8211; mitjans XX). A partir de 1959, Centcelles va ser objecte d\u2019excavacions i restauracions a c\u00e0rrec d\u2019un equip d\u2019investigadors de l\u2019Institut Arqueol\u00f2gic Alemany de Madrid (DAI), sota la direcci\u00f3 de H. Schlunk i Th. Hauschild. Un cop finalitzats aquests treballs, <span data-scayt_word=\"l\u00b4any\" data-scaytid=\"269\">l\u2019any<\/span> 1978 <span data-scayt_word=\"es\" data-scaytid=\"263\">es<\/span> va cedir el monument a l\u2019Estat espanyol i, amb el trasp\u00e0s de compet\u00e8ncies a la Generalitat de Catalunya, va ser adscrit al Museu Nacional Arqueol\u00f2gic de Tarragona. El novembre del 2000 va ser incl\u00f2s en la relaci\u00f3 de monuments de <span data-scayt_word=\"Tarraco\" data-scaytid=\"270\">Tarraco<\/span> declarats patrimoni mundial.<\/p>\n<p>&nbsp;<\/p>\n","protected":false},"excerpt":{"rendered":"<p>Entre Constant\u00ed i el riu Francol\u00ed, s\u2019alcen les restes d\u2019una gran vil\u2022la romana que ha despertat l\u2019inter\u00e8sd\u2019estudiosos i afeccionats des de finals del segle XIX (els mosaics es descobreixen l\u2019any 1877), tot i que jaLlu\u00eds Pons d\u2019Icart havia assenyalat la romanitat de les restes a finals del segle XVI. Les restes m\u00e9s antigues corresponen a [&hellip;]<\/p>\n","protected":false},"author":1,"featured_media":0,"parent":0,"menu_order":0,"comment_status":"closed","ping_status":"closed","template":"","meta":{"footnotes":""},"class_list":["post-112","page","type-page","status-publish","czr-hentry"],"_links":{"self":[{"href":"https:\/\/bloc.xarxa-omnia.org\/centcelles\/wp-json\/wp\/v2\/pages\/112","targetHints":{"allow":["GET"]}}],"collection":[{"href":"https:\/\/bloc.xarxa-omnia.org\/centcelles\/wp-json\/wp\/v2\/pages"}],"about":[{"href":"https:\/\/bloc.xarxa-omnia.org\/centcelles\/wp-json\/wp\/v2\/types\/page"}],"author":[{"embeddable":true,"href":"https:\/\/bloc.xarxa-omnia.org\/centcelles\/wp-json\/wp\/v2\/users\/1"}],"replies":[{"embeddable":true,"href":"https:\/\/bloc.xarxa-omnia.org\/centcelles\/wp-json\/wp\/v2\/comments?post=112"}],"version-history":[{"count":3,"href":"https:\/\/bloc.xarxa-omnia.org\/centcelles\/wp-json\/wp\/v2\/pages\/112\/revisions"}],"predecessor-version":[{"id":127,"href":"https:\/\/bloc.xarxa-omnia.org\/centcelles\/wp-json\/wp\/v2\/pages\/112\/revisions\/127"}],"wp:attachment":[{"href":"https:\/\/bloc.xarxa-omnia.org\/centcelles\/wp-json\/wp\/v2\/media?parent=112"}],"curies":[{"name":"wp","href":"https:\/\/api.w.org\/{rel}","templated":true}]}}