{"id":1164,"date":"2025-02-11T12:16:51","date_gmt":"2025-02-11T10:16:51","guid":{"rendered":"https:\/\/bloc.xarxa-omnia.org\/cpquatrecamins\/?page_id=1164"},"modified":"2025-02-11T12:16:52","modified_gmt":"2025-02-11T10:16:52","slug":"la-vinya","status":"publish","type":"page","link":"https:\/\/bloc.xarxa-omnia.org\/cpquatrecamins\/la-vinya\/","title":{"rendered":"LA VINYA"},"content":{"rendered":"\n<figure class=\"wp-block-image size-full is-resized\"><img loading=\"lazy\" decoding=\"async\" width=\"363\" height=\"139\" src=\"http:\/\/bloc.xarxa-omnia.org\/cpquatrecamins\/files\/2025\/02\/LAVINYA.png\" alt=\"\" class=\"wp-image-1155\" style=\"width:371px;height:auto\" \/><\/figure>\n\n\n\n<p style=\"font-size:20px\"><strong>1.QUI SOM?<\/strong><\/p>\n\n\n\n<p style=\"font-size:20px\">Acollim, atenem i acompanyem infants, joves i adults preferiblement de Bellvitge-Gornal, amb especial atenci\u00f3 a les persones mes desfavorides en el seu cam\u00ed cap una vida lliure i digna. Realitzem accions educatives, solidaries i de denuncia amb esperit de servei voluntari.<\/p>\n\n\n\n<p style=\"font-size:20px\">L\u2019objectiu \u00e9s transformar la realitat social dels nostres barris, participant aix\u00ed de l\u2019esperan\u00e7a d\u2019un mon mes just.<\/p>\n\n\n\n<p style=\"font-size:20px\"><strong>2.QU\u00c8 FEM?<\/strong><\/p>\n\n\n\n<p style=\"font-size:20px\"><strong>ATENCI\u00d3 A INFANTS, ADOLESCENTS, JOVES I LES SEVES FAM\u00cdLIES<\/strong>: mitjan\u00e7ant tres projectes educatius:<\/p>\n\n\n\n<ol class=\"wp-block-list\">\n<li>CENTRE OBERT I D\u2019ESPLAI BOCINS AL BARRI DEL GORNAL<\/li>\n\n\n\n<li>ESPLAI ILEL\u00c0 AL BARRI DEL GORNAL<\/li>\n\n\n\n<li>CASAL \u201cAL VENT!\u201d A BELLVITGE (Refor\u00e7 Educatiu, Esplai de cap de setmana, , Activitat d&#8217;estiu \u201cal vent!\u201d<\/li>\n<\/ol>\n\n\n\n<p style=\"font-size:20px\"><strong>COMUNIT\u00c0RIA I ACCI\u00d3 SOCIAL:<\/strong> dividida en 5 projectes:<\/p>\n\n\n\n<ol class=\"wp-block-list\">\n<li>ACOLLIDA<\/li>\n\n\n\n<li>ATENCI\u00d3 SOCIAL I AJUDA FRATERNA<\/li>\n\n\n\n<li>INCLUSI\u00d3 (Pis d\u2019acollida, Portes Obertes i Sense llar)<\/li>\n\n\n\n<li>ACOMPANYAMENT, FORMACI\u00d3 I PARTICIPACI\u00d3 COMUNIT\u00c0RIA<\/li>\n\n\n\n<li>ATENCI\u00d3 A LA GENT GRAN<\/li>\n<\/ol>\n\n\n\n<p style=\"font-size:20px\"><strong>3.DINS DE QUATRE CAMINS:<\/strong><\/p>\n\n\n\n<p style=\"font-size:20px\">Realitzem visites d\u2019acompanyament a persones internes, preferiblement ve\u00efns i ve\u00efnes dels barris de Bellvitge i Gornal (L\u2019Hospitalet de Llobregat)<\/p>\n\n\n\n<p style=\"font-size:20px\"><strong>4.FORA DE QUATRE CAMINS:<\/strong><\/p>\n\n\n\n<p style=\"font-size:20px\">Espor\u00e0dicament, acompanyem a interns als que visitem (o altres per petici\u00f3 de les treballadores socials) fora del centre penitenciari per realitzar diferents tipus de tr\u00e0mits. A m\u00e9s, en certes situacions, acompanyem a fam\u00edlies d\u2019interns durant aquest proc\u00e9s.<\/p>\n\n\n\n<p style=\"font-size:20px\"><strong>5.ON SOM?<\/strong><\/p>\n\n\n\n<p style=\"font-size:20px\">Adre\u00e7a: Av. Europa 30\/ C. Ermita 65 L\u2019Hospitalet de Llobregat<\/p>\n\n\n\n<p style=\"font-size:20px\">Tel: 699.74.90.01<\/p>\n\n\n\n<p style=\"font-size:20px\">Correu:info@fundaciolavinya.org\/adults@fundaciolavinya.org<\/p>\n\n\n\n<p style=\"font-size:20px\">P\u00e0gina web: www.fundaciolavinya.org<\/p>\n","protected":false},"excerpt":{"rendered":"<p>1.QUI SOM? Acollim, atenem i acompanyem infants, joves i adults preferiblement de Bellvitge-Gornal, amb especial atenci\u00f3 a les persones mes desfavorides en el seu cam\u00ed cap una vida lliure i digna. Realitzem accions educatives, solidaries i de denuncia amb esperit de servei voluntari. L\u2019objectiu \u00e9s transformar la realitat social dels nostres barris, participant aix\u00ed de [&hellip;]<\/p>\n","protected":false},"author":209,"featured_media":1155,"parent":0,"menu_order":0,"comment_status":"closed","ping_status":"closed","template":"","meta":{"footnotes":""},"class_list":["post-1164","page","type-page","status-publish","has-post-thumbnail","czr-hentry"],"_links":{"self":[{"href":"https:\/\/bloc.xarxa-omnia.org\/cpquatrecamins\/wp-json\/wp\/v2\/pages\/1164","targetHints":{"allow":["GET"]}}],"collection":[{"href":"https:\/\/bloc.xarxa-omnia.org\/cpquatrecamins\/wp-json\/wp\/v2\/pages"}],"about":[{"href":"https:\/\/bloc.xarxa-omnia.org\/cpquatrecamins\/wp-json\/wp\/v2\/types\/page"}],"author":[{"embeddable":true,"href":"https:\/\/bloc.xarxa-omnia.org\/cpquatrecamins\/wp-json\/wp\/v2\/users\/209"}],"replies":[{"embeddable":true,"href":"https:\/\/bloc.xarxa-omnia.org\/cpquatrecamins\/wp-json\/wp\/v2\/comments?post=1164"}],"version-history":[{"count":1,"href":"https:\/\/bloc.xarxa-omnia.org\/cpquatrecamins\/wp-json\/wp\/v2\/pages\/1164\/revisions"}],"predecessor-version":[{"id":1166,"href":"https:\/\/bloc.xarxa-omnia.org\/cpquatrecamins\/wp-json\/wp\/v2\/pages\/1164\/revisions\/1166"}],"wp:featuredmedia":[{"embeddable":true,"href":"https:\/\/bloc.xarxa-omnia.org\/cpquatrecamins\/wp-json\/wp\/v2\/media\/1155"}],"wp:attachment":[{"href":"https:\/\/bloc.xarxa-omnia.org\/cpquatrecamins\/wp-json\/wp\/v2\/media?parent=1164"}],"curies":[{"name":"wp","href":"https:\/\/api.w.org\/{rel}","templated":true}]}}