{"id":283,"date":"2012-05-31T19:00:59","date_gmt":"2012-05-31T19:00:59","guid":{"rendered":"http:\/\/puntomnialaflorida.wordpress.com\/?page_id=283"},"modified":"2012-05-31T19:00:59","modified_gmt":"2012-05-31T19:00:59","slug":"canviar-el-fons-de-lescriptori","status":"publish","type":"page","link":"https:\/\/bloc.xarxa-omnia.org\/enriquem\/tutorials\/canviar-el-fons-de-lescriptori\/","title":{"rendered":"Com canviar el fons de l&#8217;escriptori?"},"content":{"rendered":"<h1>Com canviar el fons de l&#8217;escriptori?<\/h1>\n<h2><span style=\"font-family:Liberation Sans, sans-serif\">Windows XP<\/span><\/h2>\n<div id=\"attachment_326\" style=\"width: 160px\" class=\"wp-caption alignright\"><a href=\"http:\/\/xarxaomnia.gencat.cat\/blocs\/enriquem\/files\/2012\/06\/fons1.png\"><img loading=\"lazy\" decoding=\"async\" aria-describedby=\"caption-attachment-326\" class=\"size-thumbnail wp-image-326 \" title=\"fons1\" src=\"http:\/\/xarxaomnia.gencat.cat\/blocs\/enriquem\/files\/2012\/06\/fons1.png?w=150\" alt=\"\" width=\"150\" height=\"97\" srcset=\"https:\/\/bloc.xarxa-omnia.org\/enriquem\/files\/2012\/06\/fons1.png 395w, https:\/\/bloc.xarxa-omnia.org\/enriquem\/files\/2012\/06\/fons1-300x196.png 300w\" sizes=\"auto, (max-width: 150px) 100vw, 150px\" \/><\/a><p id=\"caption-attachment-326\" class=\"wp-caption-text\">Figura 1<\/p><\/div>\n<p align=\"JUSTIFY\">Fer clic a qualsevol part del fons de l&#8217;escriptori amb el bot\u00f3 dret i seleccionar l&#8217;opci\u00f3 &#8220;Propietats&#8221; (Figura 1).<\/p>\n<p align=\"JUSTIFY\">En la finestra <em>Propietats de Pantalla<\/em>, trobarem la pestanya Escriptori, on podrem seleccionar de la llista de fons instal \u00b7 lats amb Windows XP o seleccionar alguna amb el bot\u00f3 <em>Navega&#8230;<\/em> (Figura 2).<\/p>\n<div id=\"attachment_328\" style=\"width: 156px\" class=\"wp-caption aligncenter\"><a href=\"http:\/\/xarxaomnia.gencat.cat\/blocs\/enriquem\/files\/2012\/06\/fons2.png\"><img loading=\"lazy\" decoding=\"async\" aria-describedby=\"caption-attachment-328\" class=\"size-thumbnail wp-image-328\" title=\"fons2\" src=\"http:\/\/xarxaomnia.gencat.cat\/blocs\/enriquem\/files\/2012\/06\/fons2.png?w=146\" alt=\"\" width=\"146\" height=\"150\" srcset=\"https:\/\/bloc.xarxa-omnia.org\/enriquem\/files\/2012\/06\/fons2.png 395w, https:\/\/bloc.xarxa-omnia.org\/enriquem\/files\/2012\/06\/fons2-293x300.png 293w\" sizes=\"auto, (max-width: 146px) 100vw, 146px\" \/><\/a><p id=\"caption-attachment-328\" class=\"wp-caption-text\">Figura 2<\/p><\/div>\n<p align=\"JUSTIFY\">Si en comptes d&#8217;una imatge de fons preferim tenir un color, podem seleccionar &#8220;[Ninguno]&#8221; a la llista de fons i seleccionar el color que desitgem de la paleta de colors (Figura 3).<\/p>\n<div id=\"attachment_330\" style=\"width: 141px\" class=\"wp-caption aligncenter\"><a href=\"http:\/\/xarxaomnia.gencat.cat\/blocs\/enriquem\/files\/2012\/06\/fons3.png\"><img loading=\"lazy\" decoding=\"async\" aria-describedby=\"caption-attachment-330\" class=\"size-thumbnail wp-image-330\" title=\"fons3\" src=\"http:\/\/xarxaomnia.gencat.cat\/blocs\/enriquem\/files\/2012\/06\/fons3.png?w=131\" alt=\"\" width=\"131\" height=\"150\" srcset=\"https:\/\/bloc.xarxa-omnia.org\/enriquem\/files\/2012\/06\/fons3.png 402w, https:\/\/bloc.xarxa-omnia.org\/enriquem\/files\/2012\/06\/fons3-262x300.png 262w\" sizes=\"auto, (max-width: 131px) 100vw, 131px\" \/><\/a><p id=\"caption-attachment-330\" class=\"wp-caption-text\">Figura 3<\/p><\/div>\n<p align=\"JUSTIFY\">Per aplicar els canvis finalment fem clic al bot\u00f3 <em>D&#8217;acord<\/em>.<\/p>\n<hr \/>\n<h2><span style=\"font-family:Liberation Sans, sans-serif\">Windows 7<\/span><\/h2>\n<p align=\"JUSTIFY\">Fer clic a qualsevol part del fons de l&#8217;escriptori amb el bot\u00f3 dret i seleccionar l&#8217;opci\u00f3 &#8220;Personalitza&#8221; (Figura 1).<\/p>\n<div id=\"attachment_284\" style=\"width: 160px\" class=\"wp-caption aligncenter\"><a href=\"http:\/\/xarxaomnia.gencat.cat\/blocs\/enriquem\/files\/2012\/05\/figura-11.png\"><img loading=\"lazy\" decoding=\"async\" aria-describedby=\"caption-attachment-284\" class=\"size-thumbnail wp-image-284\" title=\"Figura 1\" src=\"http:\/\/xarxaomnia.gencat.cat\/blocs\/enriquem\/files\/2012\/05\/figura-11.png?w=150\" alt=\"\" width=\"150\" height=\"150\" srcset=\"https:\/\/bloc.xarxa-omnia.org\/enriquem\/files\/2012\/05\/figura-11.png 653w, https:\/\/bloc.xarxa-omnia.org\/enriquem\/files\/2012\/05\/figura-11-150x150.png 150w, https:\/\/bloc.xarxa-omnia.org\/enriquem\/files\/2012\/05\/figura-11-300x300.png 300w\" sizes=\"auto, (max-width: 150px) 100vw, 150px\" \/><\/a><p id=\"caption-attachment-284\" class=\"wp-caption-text\">Figura 1<\/p><\/div>\n<p align=\"JUSTIFY\">A la finestra de personalitzaci\u00f3 podem seleccionar algun dels temes que v\u00e9nen amb el Windows 7 o podem canviar en fons manualment fent clic en l&#8217;opci\u00f3 &#8220;Fons de l&#8217;escriptori&#8221; (Figura 2).<\/p>\n<div id=\"attachment_285\" style=\"width: 160px\" class=\"wp-caption aligncenter\"><a href=\"http:\/\/xarxaomnia.gencat.cat\/blocs\/enriquem\/files\/2012\/05\/figura-21.png\"><img loading=\"lazy\" decoding=\"async\" aria-describedby=\"caption-attachment-285\" class=\"size-thumbnail wp-image-285\" title=\"Figura 2\" src=\"http:\/\/xarxaomnia.gencat.cat\/blocs\/enriquem\/files\/2012\/05\/figura-21.png?w=150\" alt=\"\" width=\"150\" height=\"126\" srcset=\"https:\/\/bloc.xarxa-omnia.org\/enriquem\/files\/2012\/05\/figura-21.png 800w, https:\/\/bloc.xarxa-omnia.org\/enriquem\/files\/2012\/05\/figura-21-300x254.png 300w, https:\/\/bloc.xarxa-omnia.org\/enriquem\/files\/2012\/05\/figura-21-768x650.png 768w\" sizes=\"auto, (max-width: 150px) 100vw, 150px\" \/><\/a><p id=\"caption-attachment-285\" class=\"wp-caption-text\">Figura 2<\/p><\/div>\n<p align=\"JUSTIFY\">Si seleccionem l&#8217;opci\u00f3 &#8220;Fons de l&#8217;escriptori&#8221; ens apareixer\u00e0 una finestra com la de la Figura 3. Aqu\u00ed podrem seleccionar el color del fons de l&#8217;escriptori, o si volem, podem seleccionar una imatge de les que v\u00e9nen amb Windows 7 canviant l&#8217;opci\u00f3 &#8220;Ubicaci\u00f3 de la imatge&#8221; o fent clic al bot\u00f3 \u201cNavega&#8230;\u201d per seleccionar una carpeta amb les nostres imatges (Figura 4).<\/p>\n<div id=\"attachment_286\" style=\"width: 160px\" class=\"wp-caption alignleft\"><a href=\"http:\/\/xarxaomnia.gencat.cat\/blocs\/enriquem\/files\/2012\/05\/figura-31.png\"><img loading=\"lazy\" decoding=\"async\" aria-describedby=\"caption-attachment-286\" class=\"size-thumbnail wp-image-286\" title=\"Figura 3\" src=\"http:\/\/xarxaomnia.gencat.cat\/blocs\/enriquem\/files\/2012\/05\/figura-31.png?w=150\" alt=\"\" width=\"150\" height=\"127\" srcset=\"https:\/\/bloc.xarxa-omnia.org\/enriquem\/files\/2012\/05\/figura-31.png 800w, https:\/\/bloc.xarxa-omnia.org\/enriquem\/files\/2012\/05\/figura-31-300x255.png 300w, https:\/\/bloc.xarxa-omnia.org\/enriquem\/files\/2012\/05\/figura-31-768x652.png 768w\" sizes=\"auto, (max-width: 150px) 100vw, 150px\" \/><\/a><p id=\"caption-attachment-286\" class=\"wp-caption-text\">Figura 3<\/p><\/div>\n<div id=\"attachment_287\" style=\"width: 160px\" class=\"wp-caption aligncenter\"><a href=\"http:\/\/xarxaomnia.gencat.cat\/blocs\/enriquem\/files\/2012\/05\/figura-41.png\"><img loading=\"lazy\" decoding=\"async\" aria-describedby=\"caption-attachment-287\" class=\"size-thumbnail wp-image-287\" title=\"Figura 4\" src=\"http:\/\/xarxaomnia.gencat.cat\/blocs\/enriquem\/files\/2012\/05\/figura-41.png?w=150\" alt=\"\" width=\"150\" height=\"127\" srcset=\"https:\/\/bloc.xarxa-omnia.org\/enriquem\/files\/2012\/05\/figura-41.png 800w, https:\/\/bloc.xarxa-omnia.org\/enriquem\/files\/2012\/05\/figura-41-300x255.png 300w, https:\/\/bloc.xarxa-omnia.org\/enriquem\/files\/2012\/05\/figura-41-768x652.png 768w\" sizes=\"auto, (max-width: 150px) 100vw, 150px\" \/><\/a><p id=\"caption-attachment-287\" class=\"wp-caption-text\">Figura 4<\/p><\/div>\n<p align=\"JUSTIFY\">Si tenim diverses imatges seleccionades, com a la Figura 5, podem especificar l&#8217;interval de temps en qu\u00e8 canviar\u00e0 la imatge de fons, seleccionant el que vulguem de l&#8217;opci\u00f3 &#8220;Canvia imatge cada:&#8221;.<\/p>\n<div id=\"attachment_288\" style=\"width: 160px\" class=\"wp-caption aligncenter\"><a href=\"http:\/\/xarxaomnia.gencat.cat\/blocs\/enriquem\/files\/2012\/05\/figura-51.png\"><img loading=\"lazy\" decoding=\"async\" aria-describedby=\"caption-attachment-288\" class=\"size-thumbnail wp-image-288\" title=\"Figura 5\" src=\"http:\/\/xarxaomnia.gencat.cat\/blocs\/enriquem\/files\/2012\/05\/figura-51.png?w=150\" alt=\"\" width=\"150\" height=\"112\" srcset=\"https:\/\/bloc.xarxa-omnia.org\/enriquem\/files\/2012\/05\/figura-51.png 1024w, https:\/\/bloc.xarxa-omnia.org\/enriquem\/files\/2012\/05\/figura-51-300x225.png 300w, https:\/\/bloc.xarxa-omnia.org\/enriquem\/files\/2012\/05\/figura-51-768x576.png 768w\" sizes=\"auto, (max-width: 150px) 100vw, 150px\" \/><\/a><p id=\"caption-attachment-288\" class=\"wp-caption-text\">Figura 5<\/p><\/div>\n<p align=\"JUSTIFY\">Quan vam acabar, fem clic al bot\u00f3 &#8220;Desa els canvis&#8221; i tindrem el fons de l&#8217;escriptori al nostre gust.<\/p>\n","protected":false},"excerpt":{"rendered":"<p>Com canviar el fons de l&#8217;escriptori? Windows XP Fer clic a qualsevol part del fons de l&#8217;escriptori amb el bot\u00f3 dret i seleccionar l&#8217;opci\u00f3 &#8220;Propietats&#8221; (Figura 1). En la finestra Propietats de Pantalla, trobarem la pestanya Escriptori, on podrem seleccionar de la llista de fons instal \u00b7 lats amb Windows XP o seleccionar alguna amb &#8230; <span class=\"more\"><a class=\"more-link\" href=\"https:\/\/bloc.xarxa-omnia.org\/enriquem\/tutorials\/canviar-el-fons-de-lescriptori\/\">[Read more&#8230;]<\/a><\/span><\/p>\n","protected":false},"author":191,"featured_media":0,"parent":32,"menu_order":2,"comment_status":"open","ping_status":"open","template":"","meta":{"footnotes":""},"class_list":["entry","page","publish","author-enriquem","post-283"],"_links":{"self":[{"href":"https:\/\/bloc.xarxa-omnia.org\/enriquem\/wp-json\/wp\/v2\/pages\/283","targetHints":{"allow":["GET"]}}],"collection":[{"href":"https:\/\/bloc.xarxa-omnia.org\/enriquem\/wp-json\/wp\/v2\/pages"}],"about":[{"href":"https:\/\/bloc.xarxa-omnia.org\/enriquem\/wp-json\/wp\/v2\/types\/page"}],"author":[{"embeddable":true,"href":"https:\/\/bloc.xarxa-omnia.org\/enriquem\/wp-json\/wp\/v2\/users\/191"}],"replies":[{"embeddable":true,"href":"https:\/\/bloc.xarxa-omnia.org\/enriquem\/wp-json\/wp\/v2\/comments?post=283"}],"version-history":[{"count":0,"href":"https:\/\/bloc.xarxa-omnia.org\/enriquem\/wp-json\/wp\/v2\/pages\/283\/revisions"}],"up":[{"embeddable":true,"href":"https:\/\/bloc.xarxa-omnia.org\/enriquem\/wp-json\/wp\/v2\/pages\/32"}],"wp:attachment":[{"href":"https:\/\/bloc.xarxa-omnia.org\/enriquem\/wp-json\/wp\/v2\/media?parent=283"}],"curies":[{"name":"wp","href":"https:\/\/api.w.org\/{rel}","templated":true}]}}