{"id":34,"date":"2011-06-12T17:32:45","date_gmt":"2011-06-12T17:32:45","guid":{"rendered":"http:\/\/puntomnialaflorida.wordpress.com\/?page_id=34"},"modified":"2011-06-12T17:32:45","modified_gmt":"2011-06-12T17:32:45","slug":"que-fem","status":"publish","type":"page","link":"https:\/\/bloc.xarxa-omnia.org\/enriquem\/que-fem\/","title":{"rendered":"Qu\u00e8 fem?"},"content":{"rendered":"<p>El Punt \u00d2mnia\u00a0obre\u00a0les seves\u00a0portes\u00a0de Dilluns\u00a0a Divendres\u00a0a petits, grans, joves i adults, per tal\u00a0d&#8217;oferir\u00a0a la poblaci\u00f3\u00a0de La Florida l&#8217;oportunitat\u00a0de con\u00e8ixer\u00a0les TIC amb\u00a0totes les seves\u00a0possibilitats. Us hi esperem!<\/p>\n<p><strong>ACTIVITATS:<\/strong><\/p>\n<p><strong>Comencem\u00a0amb les Tic:<\/strong>\u00a0Curs adre\u00e7at\u00a0a persones\u00a0adultes\u00a0amb\u00a0la finalitat\u00a0de fer un primer contacte\u00a0amb\u00a0les TIC i\u00a0assolir\u00a0un nivell\u00a0b\u00e0sic\u00a0de coneixements\u00a0i\u00a0autonomia\u00a0entorn\u00a0a la inform\u00e0tica.<\/p>\n<p><strong>Enxarxa&#8217;t:<\/strong>\u00a0Curs adre\u00e7at\u00a0a persones\u00a0adultes\u00a0que ja tinguin\u00a0alguns\u00a0coneixements\u00a0d&#8217;inform\u00e0tica, que t\u00e9\u00a0com a objectiu\u00a0con\u00e8ixer\u00a0tot el ventall\u00a0d&#8217;utilitats\u00a0que Internet ens ofereix\u00a0(realitzaci\u00f3\u00a0de gestions, xarxes\u00a0socials, etc.).<\/p>\n<p><strong>Florida online i refresca les TIC:<\/strong>\u00a0Curs adre\u00e7at\u00a0a persones\u00a0adultes\u00a0que ja tinguin\u00a0alguns\u00a0coneixements\u00a0de les TIC i que vulguin\u00a0continuar\u00a0endinsant-se\u00a0en el m\u00f3n\u00a0de la inform\u00e0tica\u00a0i de les seves\u00a0utilitats.<\/p>\n<p><strong>Recerca de feina: <\/strong>curs adre\u00e7at a persones adultes en situaci\u00f3 d&#8217;atur, a partir del qual s&#8217;utilitza la inform\u00e0tica com a eina de recerca de feina.<\/p>\n<p><strong>Aula\u00a0Oberta:<\/strong>\u00a0espai\u00a0obert\u00a0al barri\u00a0per totes aquelles\u00a0persones\u00a0que vulguin\u00a0fer \u00fas\u00a0dels\u00a0nostres\u00a0ordinadors amb el suport dels dinamitzadors del Punt\u00a0per tal\u00a0de consultar\u00a0dubtes, practicar, realitzar\u00a0gestions, recerca\u00a0de feina, realitzar treballs escolars,\u00a0etc.<\/p>\n<p><strong>\u00d2mnia Jove: <\/strong>curs adre\u00e7at a joves d&#8217;entre 13 i 18 anys, destinat a dotar als mateixos de coneixements b\u00e0sics sobre infarm\u00e0tica i les seves utilitats.<\/p>\n<p><strong>Grans Idees: <\/strong>curs adre\u00e7at a infants de 11 i 12 anys, a partir del qual es desenvolupar\u00e0 un petit projecte a trav\u00e9s de la inform\u00e0tica.<\/p>\n<p><strong>Info-petits: <\/strong>curs en el que infants de 5 a 7 anys adquireixen els primers coneixements d&#8217;inform\u00e0tica a trav\u00e9s de diferents exercicis i activitats l\u00fadiques.<\/p>\n<p><strong>Info-grans: <\/strong>curs en el que infants d&#8217;entre 8 i 10 anys adquireixen els coneixements b\u00e0sics sobre inform\u00e0tica, mitjan\u00e7ant tota una s\u00e8rie d&#8217;activitats l\u00fadiques.<\/p>\n<p><strong>Flash-Tallers:<\/strong> monogr\u00e0fics que es porten a terme per aprofundir sobre un tema concret en una o dues sessions.<\/p>\n<p><strong>Audiovisual<\/strong>:\u00a0 Un projecte nou adre\u00e7at a joves, a\u00a0 trav\u00e9s de l\u2019aproximaci\u00f3 a t\u00e8cniques vinculades amb les tecnologies de la informaci\u00f3 i la comunicaci\u00f3 podran formar-se en la creaci\u00f3, producci\u00f3, escriptura i realitzaci\u00f3 de productes audiovisuals desenvolupant especialment les compet\u00e8ncies comunicatives b\u00e0siques (ling\u00fc\u00edstica, audiovisual, art\u00edstica i cultural) i el tractament de la informaci\u00f3 i compet\u00e8ncia digital.<\/p>\n","protected":false},"excerpt":{"rendered":"<p>El Punt \u00d2mnia\u00a0obre\u00a0les seves\u00a0portes\u00a0de Dilluns\u00a0a Divendres\u00a0a petits, grans, joves i adults, per tal\u00a0d&#8217;oferir\u00a0a la poblaci\u00f3\u00a0de La Florida l&#8217;oportunitat\u00a0de con\u00e8ixer\u00a0les TIC amb\u00a0totes les seves\u00a0possibilitats. Us hi esperem! ACTIVITATS: Comencem\u00a0amb les Tic:\u00a0Curs adre\u00e7at\u00a0a persones\u00a0adultes\u00a0amb\u00a0la finalitat\u00a0de fer un primer contacte\u00a0amb\u00a0les TIC i\u00a0assolir\u00a0un nivell\u00a0b\u00e0sic\u00a0de coneixements\u00a0i\u00a0autonomia\u00a0entorn\u00a0a la inform\u00e0tica. Enxarxa&#8217;t:\u00a0Curs adre\u00e7at\u00a0a persones\u00a0adultes\u00a0que ja tinguin\u00a0alguns\u00a0coneixements\u00a0d&#8217;inform\u00e0tica, que t\u00e9\u00a0com a objectiu\u00a0con\u00e8ixer\u00a0tot el ventall\u00a0d&#8217;utilitats\u00a0que Internet &#8230; <span class=\"more\"><a class=\"more-link\" href=\"https:\/\/bloc.xarxa-omnia.org\/enriquem\/que-fem\/\">[Read more&#8230;]<\/a><\/span><\/p>\n","protected":false},"author":191,"featured_media":0,"parent":0,"menu_order":0,"comment_status":"closed","ping_status":"closed","template":"","meta":{"footnotes":""},"class_list":["entry","page","publish","author-enriquem","post-34"],"_links":{"self":[{"href":"https:\/\/bloc.xarxa-omnia.org\/enriquem\/wp-json\/wp\/v2\/pages\/34","targetHints":{"allow":["GET"]}}],"collection":[{"href":"https:\/\/bloc.xarxa-omnia.org\/enriquem\/wp-json\/wp\/v2\/pages"}],"about":[{"href":"https:\/\/bloc.xarxa-omnia.org\/enriquem\/wp-json\/wp\/v2\/types\/page"}],"author":[{"embeddable":true,"href":"https:\/\/bloc.xarxa-omnia.org\/enriquem\/wp-json\/wp\/v2\/users\/191"}],"replies":[{"embeddable":true,"href":"https:\/\/bloc.xarxa-omnia.org\/enriquem\/wp-json\/wp\/v2\/comments?post=34"}],"version-history":[{"count":0,"href":"https:\/\/bloc.xarxa-omnia.org\/enriquem\/wp-json\/wp\/v2\/pages\/34\/revisions"}],"wp:attachment":[{"href":"https:\/\/bloc.xarxa-omnia.org\/enriquem\/wp-json\/wp\/v2\/media?parent=34"}],"curies":[{"name":"wp","href":"https:\/\/api.w.org\/{rel}","templated":true}]}}