{"id":2,"date":"2007-11-15T20:56:46","date_gmt":"2007-11-15T19:56:46","guid":{"rendered":""},"modified":"2018-12-21T10:46:00","modified_gmt":"2018-12-21T09:46:00","slug":"quant-a","status":"publish","type":"page","link":"https:\/\/bloc.xarxa-omnia.org\/esclat\/quant-a\/","title":{"rendered":"HORARI"},"content":{"rendered":"<p style=\"text-align: center\"><span style=\"color: #000080\">HORARI 2n TRIMESTRE<\/span><\/p>\n<ul>\n<li style=\"text-align: left\"><span style=\"color: #0000ff\">CUINEM?<\/span> Dilluns de 12:30h a 14:30h<\/li>\n<\/ul>\n<p>Ensenya el que saps, cuina en grup i comparteixa-ho en un blog.<\/p>\n<ul>\n<li><span style=\"color: #0000ff\">QU\u00c9 M&#8217;OFEREIXES?<\/span> Dimarts de 13:30h a 11:30h<\/li>\n<\/ul>\n<p>Dinamitzaci\u00f3 comunit\u00e0ria, creaci\u00f3 d&#8217;activitats i sortides conjuntes.<\/p>\n<ul>\n<li><span style=\"color: #0000ff\">&#8220;T&#8217;ENSENYO PER APRENDRE&#8221;<\/span> Dimarts i Dijous 18:30h a 19:15h.<\/li>\n<\/ul>\n<p>Activitats de mem\u00f2ria, m\u00f2bil, d&#8217;inform\u00e0tica i molt m\u00e9s.<\/p>\n<ul>\n<li><span style=\"color: #0000ff\">&#8220;ATREVEIX-TE&#8221;<\/span> Dijous de 11:30h a 12:30h<\/li>\n<\/ul>\n<p>Activitats din\u00e0miques per aprendre a parlar catal\u00e0.<\/p>\n<ul>\n<li><span style=\"color: #0000ff\">&#8220;M\u00d3N VIRTUAL&#8221;<\/span> Divendres de 9h a 10h<\/li>\n<\/ul>\n<p>Buscar per internet, crear arxius i fer servir p\u00e0gines web.<\/p>\n<ul>\n<li><span style=\"color: #0000ff\">&#8220;APP EXPERIENCE&#8221;<\/span> Divendres de 10h a 11h.<\/li>\n<\/ul>\n<p>Con\u00e8ixer m\u00e9s a fons el dispositiu m\u00f2bil. (nivell avan\u00e7at)<\/p>\n<p><span style=\"color: #000080\">SESSIONS DIRIGIDES PER VOLUNTARIS<\/span><\/p>\n<ul>\n<li><span style=\"color: #0000ff\">&#8220;APRENDE CON JES\u00daS&#8221;<\/span> Dimarts de 9h a 10:30h<\/li>\n<\/ul>\n<p>Classes d&#8217;INFORM\u00c0TICA, POWER POINT i molt m\u00e9s!<\/p>\n<ul>\n<li><span style=\"color: #0000ff\">&#8220;INICIA&#8217;T&#8221;<\/span>(BLANCA I NARCISO) Dijous de 12:30h a 13:30h<\/li>\n<\/ul>\n<p>Apr\u00e9n a fer servir principals funcions de l&#8217;ordinador.<\/p>\n<ul>\n<li><span style=\"color: #0000ff\">&#8220;CREATIBITY&#8221;<\/span> (ANTONIO) Divendres de 15:30h a 17:30h<\/li>\n<\/ul>\n<p>Apr\u00e9n a fer servir el POWER POINT, muntatge de v\u00eddeo i fotos.<\/p>\n<p><span style=\"color: #000080\">ESPAI OBERT<\/span><\/p>\n<p>Consultar dubtes, porta el teu dispositiu i\/o connectat a internet.<\/p>\n<ul>\n<li><span style=\"color: #0000ff\">DIMARTS de 16h a 17h<\/span><\/li>\n<li><span style=\"color: #0000ff\">DIMECRES de 16h a 17h\u00a0<\/span><\/li>\n<li><span style=\"color: #0000ff\">DIVENDRES de 11:30h a 12:30h<\/span><\/li>\n<\/ul>\n<p>&nbsp;<\/p>\n<p><span style=\"color: #000080\">CENTRE EDUCATIU ESCLAT<\/span><\/p>\n<p>Rambla Marina 50, 089007, Hospitalet 93.336.27.01<\/p>\n<p>Correu: centre.esclat@gmail.com<\/p>\n<h1><\/h1>\n<h1><span style=\"text-decoration: underline\"><span style=\"color: #3366ff;text-decoration: underline\">CURSO 2018-19<\/span><\/span><\/h1>\n<h2><span style=\"text-decoration: underline\"><span style=\"font-weight: 400;color: #3366ff;text-decoration: underline\">HORARIO\u00a0 1r TRIMESTRE: Del 17 de Setiembre al 14 de Diciembre<\/span><\/span><\/h2>\n<p><span style=\"color: #3366ff\">\u00a0LUNES de 12:30h a 14:30h:\u00a0&#8220;COCINAMOS JUNTOS?&#8221;<\/span><\/p>\n<p>Taller que se realizar\u00e1 todos los lunes de manera conjunta, el mismo que hac\u00edais con S\u00f2nia, de hecho, el funcionamiento ser\u00e1 el mismo. El primer lunes buscaremos y conoceremos bien el que necesitaremos para cocinar y la siguiente semana, dispondremos de la cocina para poder realizar nuestro taller. Todo el proceso intentaremos que est\u00e9 documentado, hacer fotos, publicar algo al Facebook, as\u00ed podremos combinar la cocina con las nuevas tecnolog\u00edas.<\/p>\n<p><span style=\"color: #3366ff\">MARTES 10h a 11:30h:\u00a0&#8220;QU\u00c9 ME OFRECES? &#8221;\u00a0\u00a0<\/span><\/p>\n<p>Este taller creo que lo conoc\u00e9is mejor vosotros que yo, pero es un espacio en los que participamos todos y todas. Juntos buscaremos actividades para hacer, salidas, trabajos manuales&#8230; \u00a1todo el que nos apetezca hacer!<\/p>\n<p><span style=\"color: #3366ff\">MARTES 12:30h a 14h:\u00a0 &#8220;NUNCA ES TARDE POR APRENDER&#8221;<\/span><\/p>\n<p>En este espacio realizaremos muchos talleres de memoria, actividades conjuntas y din\u00e1micas que nos ayudar\u00e1 a entrenar nuestro cerebro.<\/p>\n<p><span style=\"color: #3366ff\">MI\u00c9RCOLES, JUEVES Y VIERNES\u00a0\u201cCONOCE TU TEL\u00c9FONO SMARTPHONE\u201d<\/span><\/p>\n<p>En estos tres d\u00edas, ten\u00e9is a disposici\u00f3n clases para aprender a usar vuestros dispositivos m\u00f3viles. Hay tres grupos diferentes, que van en funci\u00f3n del nivel o habilidad que teng\u00e1is.<br \/>\nMi\u00e9rcoles &#8211; nivel bajo de 13:30h a 14:30h<br \/>\nJueves &#8211; nivel mediano de 11:30h a 12:30h<br \/>\nViernes &#8211; nivel alto 10h a 11h<\/p>\n<p><span style=\"color: #3366ff\">VIERNES 9h a 10h:\u00a0\u201cEl mundo virtual\u201d<\/span><\/p>\n<p>Este va a ser el espacio para aquellas personas que quieran iniciarse al mundo de las nuevas tecnolog\u00edas, conoceremos como funciona internet, c\u00f3mo nos puede facilitar en nuestras vidas. Tambi\u00e9n conoceremos c\u00f3mo funciona el ordenador, crear documentos, trabajaremos con fotograf\u00edas y much\u00edsimas cosas m\u00e1s.<\/p>\n<p><span style=\"color: #3366ff\">CLASES DE INFORM\u00c1TICA DIRIGIDAS POR NARCISO Y BLANCA: JUEVES DE 12:30h a 13:30h <\/span><\/p>\n<p>In\u00edciate al mundo de los ordenadores y aprende a usar las funciones m\u00e1s b\u00e1sicas.<\/p>\n<p><span style=\"color: #3366ff\">INTERNET y SUS POSIBILIDADES:<\/span><\/p>\n<p>MARTES CON JES\u00daS de 9h a 10h<\/p>\n<p>VIERNES CON ANTONIO de 15:30h a 17:30h<\/p>\n<p>&nbsp;<\/p>\n<h1><strong><span style=\"text-decoration: underline\"><span style=\"color: #0000ff;text-decoration: underline\">CURSO 2017-18<\/span><\/span><\/strong><\/h1>\n<h2><span style=\"text-decoration: underline\"><strong><span style=\"color: #0000ff;text-decoration: underline\">HORARIO 3R TRIMESTRE 2017\/18. Inicio 9 de abril<\/span><\/strong><\/span><\/h2>\n<p>\u00b7\u00a0COCINAMOS \u2013 LUNES de 12.30 a 14h<br \/>\nEnse\u00f1a lo que sabes, cocina y comp\u00e1rtelo en un blog.<\/p>\n<p>\u00b7 SMARTPHONES 1 \u2013 LUNES de 18,30 a 19,30H<br \/>\nAprende a usar tu tel\u00e9fono.<\/p>\n<p>\u00b7 TRADICIONES \u2013 MARTES de 9 a 10h<br \/>\nBusca en internet, crea archivos. Usa webs creativas.<\/p>\n<p>\u00b7 SMARTPHONES 2 \u2013 MARTES de 16 a 17h<br \/>\nConoce a\u00fan m\u00e1s tu tel\u00e9fono si ya lo manejas un poco.<\/p>\n<p>\u00b7\u00a0\u00bfQU\u00c9 ME OFRECES? \u2013 MI\u00c9RCOLES 10 a 11h<br \/>\nDinamizaci\u00f3n comunitaria, creaci\u00f3n de actividades y salidas.<\/p>\n<p>\u00b7 MIX DE ACTIVIDADES \u2013 MI\u00c9RCOLES 12.30 a 14h<br \/>\nSalidas, huerto, fotografia, manualidades\u2026<\/p>\n<p>\u00b7 TALLER DE MEMORIA \u2013 MI\u00c9RCOLES 15 a 16h<br \/>\nEjercita tu mente con actividades y juegos en el ordenador.<\/p>\n<p>\u00b7 CONOCE TU SMARTPHONE (0) \u2013 JUEVES de 15 a 16h<br \/>\nAprende las funciones b\u00e1sicas de tu telefono.<\/p>\n<p>SESIONES DIRIGIDAS POR VOLUNTARIOS<\/p>\n<p>\u00b7 INICIATE (BLANCA, RICARDO Y NARCISO) JUEVES 12.30 -14h<br \/>\nAprende a usar principales funciones del ordenador.<\/p>\n<p>\u00b7 POWER POINT Maneja el programa de presentaciones.<br \/>\no\u00a0 nivel 2 &#8211; VIERNES de 9 a 10h CON JES\u00daS<br \/>\no\u00a0 nivel 1 &#8211; VIERNES de 15 a 17h CON ANTONIO<\/p>\n<p><span style=\"color: #0000ff\">ESPACIO ABIERTO:<\/span><br \/>\nConsulta, trae tu dispositivo, con\u00e9ctate.<br \/>\n\u00b7\u00a0\u00a0LUNES DE 16 a 17h<br \/>\n\u00b7\u00a0 MI\u00c9RCOLES de 18.30 a 19.30 h<br \/>\n\u00b7\u00a0\u00a0JUEVES de 11.30 a 12.30h<\/p>\n<h1><\/h1>\n<h2><span style=\"text-decoration: underline\"><strong><span style=\"color: #0000ff;text-decoration: underline\">HORARIO 1R TRIMESTRE 2017\/18. Inicio 18 setiembre<\/span><\/strong><\/span><\/h2>\n<p>\u00b7 TRADICIONES \u2013 MARTES DE 9 a 10h<br \/>\nUsa programas basicos, comparte en un blog.<\/p>\n<p>\u00b7\u00a0COCINAMOS \u2013 LUNES de 12.30 a 14h<br \/>\nEnse\u00f1a lo que sabes, cocina y comp\u00e1rtelo en un blog.<\/p>\n<p>\u00b7 SMARTPHONES 1 \u2013 LUNES de 18.30 a 19.30h<br \/>\nAprende a usar tu tel\u00e9fono.<\/p>\n<p>\u00b7 SMARTPHONES 2 \u2013 MARTES de 16 a 17h<br \/>\nConoce a\u00fan m\u00e1s tu tel\u00e9fono si ya lo manejas un poco.<\/p>\n<p>\u00b7\u00a0\u00bfQU\u00c9 ME OFRECES? \u2013 MI\u00c9RCOLES 10 a 11h<br \/>\nDinamizaci\u00f3n comunitaria, creaci\u00f3n de actividades y salidas.<\/p>\n<p>\u00b7 MIX DE ACTIVIDADES\u2013 MI\u00c9RCOLES 12.30 a 14h<br \/>\nApuntate a un bombardeo: salidas, huerto, manualidades&#8230;<\/p>\n<p>\u00b7 TALLER DE MEMORIA \u2013 MI\u00c9RCOLES DE 15 A 16h<br \/>\nPon en forma tu mente. Juega con el ordenador.<br \/>\n<span style=\"color: #0000ff\">SESIONES DIRIGIDAS POR VOLUNTARIOS<\/span><\/p>\n<p>\u00b7 INICIATE (BLANCA, RICARDO Y NARCISO) JUEVES 12.30 -14h<br \/>\nAprende a usar principales funciones del ordenador.<\/p>\n<p>\u00b7 POWER POINT Maneja el programa de presentaciones.<br \/>\no\u00a0 nivel 2 VIERNES de 9 a 10h CON JES\u00daS<br \/>\no\u00a0 nivel 1 &#8211; VIERNES de 15 a 17h CON ANTONIO<br \/>\n<span style=\"color: #0000ff\">ESPACIO ABIERTO:<\/span><br \/>\nConsulta, trae tu dispositivo, con\u00e9ctate.<br \/>\n\u00b7\u00a0\u00a0LUNES DE 16 a 17h<br \/>\n\u00b7\u00a0 MI\u00c9RCOLES de 18.30 a 19.30 h<br \/>\n\u00b7\u00a0\u00a0JUEVES de 11.30 a 12.30h<\/p>\n<h1><\/h1>\n<h1><\/h1>\n<h1><span style=\"text-decoration: underline\"><span style=\"color: #0000ff;text-decoration: underline\">CURSO 2016-17<\/span><\/span><\/h1>\n<p>&nbsp;<\/p>\n<h2><span style=\"text-decoration: underline\"><span style=\"color: #0000ff;text-decoration: underline\">HORARIO 3R TRIMESTRE \u00a0Inicio 24 abril<\/span><\/span><\/h2>\n<p>Entorno LOS OFICIOS usaremos internet, crearemos y clasificaremos archivos y elaboraremos cosas.<\/p>\n<p>\u00b7\u00a0<span style=\"color: #0000ff\">COCINEROS<\/span> \u2013 LUNES de 12.30 a 14h \u00a0Ense\u00f1a lo que sabes, cocina y comp\u00e1rtelo en un blog.<\/p>\n<p>\u00b7 <span style=\"color: #0000ff\">ARTISTAS<\/span> \u2013 MARTES de 9 a 10h Busca en internet, crea archivos y videos.<\/p>\n<p>\u00b7 <span style=\"color: #0000ff\">CARPINTEROS<\/span> \u2013 MARTES de 12.30 a 14h Busca en internet, guarda archivos. Crea piezas de madera.<\/p>\n<p>\u00b7\u00a0<span style=\"color: #0000ff\">\u00bfQU\u00c9 ME OFRECES?<\/span> \u2013 MI\u00c9RCOLES 10 a 11h\u00a0Dinamizaci\u00f3n comunitaria, creaci\u00f3n de actividades y salidas.<\/p>\n<p>\u00b7 <span style=\"color: #0000ff\">JARDINEROS<\/span> \u2013 MI\u00c9RCOLES 12.30 a 14h \u00a0Busca informaci\u00f3n, cultiva y cuida nuestro peque\u00f1o huerto.<\/p>\n<p>\u00b7 <span style=\"color: #0000ff\">SMARTPHONE 0<\/span> \u2013 JUEVES DE 15 A 16h \u00a0Aprende las funciones basicas de tu telefono.<\/p>\n<p>\u00b7 <span style=\"color: #0000ff\">SMARTPHONES 1<\/span> \u2013 LUNES de 16 a 17h\u00a0Aprende a usar tu tel\u00e9fono.<\/p>\n<p>\u00b7 <span style=\"color: #0000ff\">SMARTPHONES 2<\/span> \u2013 LUNES de 9 a 10h \u00a0Conoce a\u00fan m\u00e1s tu tel\u00e9fono si ya lo manejas un poco.<\/p>\n<p>\u00b7 <span style=\"color: #0000ff\">SMARTPHONES 3<\/span> \u2013 MARTES de 18.30 a 19.30h Aprende a usar tu tel\u00e9fono.<\/p>\n<p>\u00b7 <span style=\"color: #0000ff\">INICIATE<\/span> (BLANCA, RICARDO Y NARCISO) JUEVES 12.30 -14h Aprende a usar principales funciones del ordenador.<\/p>\n<p>\u00b7 <span style=\"color: #0000ff\">POWER POINT<\/span> Maneja el programa de presentaciones.<br \/>\no\u00a0 nivel 2 VIERNES de 9 a 11h <span style=\"color: #0000ff\">CON JES\u00daS<\/span><br \/>\no\u00a0 nivel 1 &#8211; VIERNES de 15 a 17h <span style=\"color: #0000ff\">CON ANTONIO<\/span><\/p>\n<p><span style=\"color: #0000ff\">ESPACIO ABIERTO:<\/span><br \/>\nConsulta, trae tu dispositivo, con\u00e9ctate.<br \/>\n\u00b7\u00a0\u00a0LUNES DE 18.30 a 19.30h<br \/>\n\u00b7\u00a0 MARTES de 15 a 16 h<br \/>\n\u00b7\u00a0\u00a0JUEVES de 11.30 a 12.30h<\/p>\n<p>&#8230;&#8230;&#8230;&#8230;&#8230;&#8230;&#8230;&#8230;&#8230;&#8230;&#8230;&#8230;&#8230;&#8230;&#8230;&#8230;&#8230;&#8230;&#8230;&#8230;&#8230;&#8230;&#8230;&#8230;&#8230;&#8230;&#8230;&#8230;&#8230;&#8230;&#8230;&#8230;&#8230;&#8230;&#8230;&#8230;&#8230;&#8230;&#8230;&#8230;&#8230;&#8230;&#8230;&#8230;&#8230;&#8230;&#8230;&#8230;&#8230;&#8230;&#8230;&#8230;&#8230;&#8230;&#8230;&#8230;&#8230;..<\/p>\n<p>&nbsp;<\/p>\n<p><span style=\"text-decoration: underline\"><strong><span style=\"color: #0000ff;text-decoration: underline\">HORARIO 2N TRIMESTRE 2016\/17. <\/span><\/strong><\/span><\/p>\n<p><strong><span style=\"color: #0000ff\">Inicio a partir del 9 de enero<\/span><\/strong><\/p>\n<p>Entorno LOS OFICIOS usaremos internet, crearemos y clasificaremos archivos y elaboraremos cosas.<\/p>\n<p><span style=\"color: #0000ff\">\u00b7\u00a0COCINEROS<\/span> \u2013 LUNES de 12.30 a 14h \u00a0Ense\u00f1a lo que sabes, cocina y comp\u00e1rtelo en un blog.<\/p>\n<p><span style=\"color: #0000ff\">\u00b7 ARTISTAS<\/span> \u2013 MARTES de 9 a 10h \u00a0Busca en internet, crea archivos. Usa webs creativas.<\/p>\n<p>\u00b7 <span style=\"color: #0000ff\">CARPINTEROS<\/span> \u2013 MARTES de 12.30 a 14h \u00a0Busca en internet, guarda archivos. Crea piezas de madera.<\/p>\n<p>\u00b7<span style=\"color: #0000ff\">\u00a0\u00bfQU\u00c9 ME OFRECES?<\/span> \u2013 MI\u00c9RCOLES 10 a 11h\u00a0Dinamizaci\u00f3n comunitaria, creaci\u00f3n de actividades y salidas.<\/p>\n<p>\u00b7 <span style=\"color: #0000ff\">JARDINEROS<\/span> \u2013 MI\u00c9RCOLES 12.30 a 14h Busca informaci\u00f3n, cultiva y cuida nuestro peque\u00f1o huerto.<\/p>\n<p>\u00b7<span style=\"color: #0000ff\"> INICIACI\u00d3N AL SMARTPHONE<\/span> \u2013 JUEVES DE 15 A 16h Aprende las funciones basicas de tu telefono.<\/p>\n<p>\u00b7 <span style=\"color: #0000ff\">SMARTPHONES 1<\/span> \u2013 LUNES de 16 a 17h \u00a0Aprende a usar tu tel\u00e9fono.<\/p>\n<p>\u00b7<span style=\"color: #0000ff\"> SMARTPHONES 2<\/span> \u2013 LUNES de 9 a 10h Conoce a\u00fan m\u00e1s tu tel\u00e9fono si ya lo manejas un poco.<\/p>\n<p>\u00b7 <span style=\"color: #0000ff\">INICIATE<\/span> (BLANCA, RICARDO Y NARCISO) JUEVES 12.30 -14h Aprende a usar principales funciones del ordenador.<\/p>\n<p>\u00b7 <span style=\"color: #0000ff\">POWER POINT<\/span> Maneja el programa de presentaciones.<br \/>\no\u00a0<span style=\"color: #0000ff\"> nivel 2<\/span> VIERNES de 9 a 11h CON JES\u00daS<br \/>\no\u00a0 <span style=\"color: #0000ff\">nivel 1<\/span> &#8211; VIERNES de 15 a 17h CON ANTONIO<\/p>\n<p>&nbsp;<\/p>\n<p><span style=\"color: #0000ff\">ESPACIO ABIERTO:<\/span><br \/>\nConsulta, trae tu dispositivo, con\u00e9ctate.<br \/>\n\u00b7\u00a0\u00a0LUNES DE 18.30 a 19.30h<br \/>\n\u00b7\u00a0 MARTES de 15 a 16 h<br \/>\n\u00b7\u00a0\u00a0JUEVES de 11.30 a 12.30h<\/p>\n<p>&nbsp;<\/p>\n<p>&nbsp;<\/p>\n<h2><span style=\"color: #0000ff\">HORARIO 1r TRIMESTRE 2016\/17.<\/span><\/h2>\n<h2>Inicio de clases a partir del 19 setiembre<\/h2>\n<p>Entorno LOS OFICIOS usaremos internet, crearemos y clasificaremos archivos y elaboraremos cosas.<\/p>\n<p>\u00b7<strong>\u00a0COCINEROS \u2013 LUNES de 12.30 a 14h<\/strong> (hasta 7 novienbre)<br \/>\nEnse\u00f1a lo que sabes, cocina y comp\u00e1rtelo en un blog.<\/p>\n<p>\u00b7 <strong>FOT\u00d3GRAFOS \u2013 MARTES de 9 a 10h<\/strong> (hasta el 29 de nov)<br \/>\n&#8220;Usaremos webs y aplicaciones de m\u00f2bil para retocar fotos.<br \/>\nParticiparemos en la exposici\u00f3n \u201cpostales de barrio\u201d.&#8221;<\/p>\n<p>\u00b7<strong> CARPINTEROS \u2013 MARTES de 12.30 a 14h<\/strong> (hasta 8 de nov.)<br \/>\nBusca en internet, guarda archivos. Crea piezas de madera.<\/p>\n<p>\u00b7\u00a0<strong>\u00bfQU\u00c9 ME OFRECES? \u2013 MI\u00c9RCOLES 10 a 11h<\/strong> (hasta 30 nov)<br \/>\nDinamizaci\u00f3n comunitaria, creaci\u00f3n de actividades y salidas.<\/p>\n<p>\u00b7 <strong>JARDINEROS \u2013 MI\u00c9RCOLES 12.30 a 14h<\/strong> (hasta el 9 nov.)<br \/>\nBusca informaci\u00f3n, cultiva y cuida nuestro peque\u00f1o huerto.<\/p>\n<p>\u00b7<strong> PERIODISTAS \u2013 MARTES 18.30 a 19.30h<\/strong> (hasta 29 de nov)<br \/>\ninformate en internet, crea y modifica archivos, usa un blog.<\/p>\n<p>\u00b7<strong> PINTORES \u2013 JUEVES DE 15 a 16h<\/strong> (hasta el 10 de nov.)<br \/>\nAprende historia del arte y descubre t\u00e9cnicas f\u00e1ciles. Pinta.<\/p>\n<p>\u00b7 <strong>SMARTPHONES 1 (INICIACI\u00d3N) \u2013 LUNES de 16 a 17h<\/strong><br \/>\nAprende a usar tu tel\u00e9fono. (hasta el 28 de noviembre)<\/p>\n<p>\u00b7 <strong>SMARTPHONES 2 \u2013 JUEVES de 9 a 10h<\/strong> (hasta el 1 de dic.)<br \/>\nConoce a\u00fan m\u00e1s tu telefono si ya lo manejas un poco.<\/p>\n<p>\u00b7 <strong>INICIATE (BLANCA, RICARDO Y NARCISO) JUEVES 12.30 -14h<\/strong><br \/>\nAprende a usar principales funciones del ordenador.<\/p>\n<p>\u00b7 <strong>POWER POINT<\/strong> Maneja el programa de presentaciones.<br \/>\no\u00a0<strong> nivel 2<\/strong> VIERNES de 9 a 11h CON JES\u00daS<br \/>\no\u00a0 <strong>nivel 1<\/strong> &#8211; VIERNES de 15 a 17h CON ANTONIO<\/p>\n<p><span style=\"color: #0000ff\"><strong>ESPACIO ABIERTO:<\/strong> Consulta, trae tu dispositivo, con\u00e9ctate.<\/span><br \/>\n<span style=\"color: #0000ff\">\u00b7\u00a0\u00a0LUNES DE 18.30 a 19.30h <\/span><br \/>\n<span style=\"color: #0000ff\">\u00b7\u00a0 MARTES de 15 a 16 h<\/span><br \/>\n<span style=\"color: #0000ff\">\u00b7\u00a0\u00a0JUEVES de 11.30 a 12.30h <\/span><br \/>\n<span style=\"color: #0000ff\">ENTRE TODOS Espacio abierto (sin monitor) VIERNES 12.30-14h<\/span><\/p>\n<p>&nbsp;<\/p>\n<p>&nbsp;<\/p>\n<p>&nbsp;<\/p>\n<hr \/>\n<p>&nbsp;<\/p>\n<p><em><strong><span style=\"text-decoration: underline\"><span style=\"color: #0000ff;text-decoration: underline\">CURSO 2015-16<\/span><\/span><\/strong><\/em><\/p>\n<p><span style=\"color: #0000ff\"><strong>HORARIO VERANO 2016. <\/strong><\/span><\/p>\n<p><em>Del 27 de junio al 27 de julio.<\/em><\/p>\n<ul>\n<li><strong>CREACI\u00d3N DE V\u00cdDEOS :\u00a0Lunes de 9 a 10.20h<\/strong><\/li>\n<\/ul>\n<p>Aprende a usar el programa de Windows<\/p>\n<p>Movie Maker. Crear tus v\u00eddeos de fotos<\/p>\n<p>o recorta y junta varios v\u00eddeos.<\/p>\n<ul>\n<li><strong>USA TU TEL\u00c9FONO SMARTPHONE:\u00a0Mi\u00e9rcoles de 9 a 10.20h<\/strong><\/li>\n<\/ul>\n<p>Conoce m\u00e1s a fondo el manejo de tu dispositivo.<\/p>\n<p>&nbsp;<\/p>\n<ul>\n<li><strong>CREA UN ALBUM DE FOTOS:\u00a0Viernes de 9 a 10.20h<\/strong><\/li>\n<\/ul>\n<p>Aprende a usar un programa para crear un libro de fotograf\u00edas que puedas imprimir.<\/p>\n<p>&nbsp;<\/p>\n<p><strong>ESPACIO ABIERTO: \u00a0Martes de 12.30 a 14h<\/strong><\/p>\n<p>Consulta, trae tu dispositivo, con\u00e9ctate.<\/p>\n<p>&nbsp;<\/p>\n<p>&nbsp;<\/p>\n<p>&nbsp;<\/p>\n<p><span style=\"text-decoration: underline\"><span style=\"color: #0000ff;text-decoration: underline\"><strong>HORARIO 3r TRIMESTRE 2015\/16. <\/strong><em>Inicio 4 Abril<\/em><\/span><\/span><\/p>\n<p><strong>\u00a0<\/strong><\/p>\n<ul>\n<li><strong>COCINA POPULAR<\/strong> \u2013 LUNES de 12.30 a 14h\u00a0Ense\u00f1a lo que sabes, comp\u00e1rtelo en un blog.<\/li>\n<\/ul>\n<ul>\n<li><strong>PROGRAMAS B\u00c1SICOS<\/strong> \u2013 LUNES de 16 a 17h\u00a0Aprende a usar el paquete Office.<\/li>\n<\/ul>\n<ul>\n<li><strong>REDES Y SMARTPHONES (AVANZADO)\u00a0<\/strong>Aprende a compartir en la red, en tel\u00e9fono o PC.\n<ul>\n<li>LUNES de 18.35 a 19.30<\/li>\n<li>MARTES de 9 a 10h<\/li>\n<\/ul>\n<\/li>\n<\/ul>\n<ul>\n<li><strong>SMARTPHONES (INICIACI\u00d3N)\u00a0<\/strong>Maneja tu m\u00f3vil sin miedo, conoce sus funciones.\n<ul>\n<li>MARTES de 12.30 a 14h (<strong>del 5 abril al 10 mayo<\/strong>)<\/li>\n<li>JUEVES de 15 a 16h ( <strong>del 7 abril al 12 de mayo<\/strong>)<\/li>\n<\/ul>\n<\/li>\n<\/ul>\n<ul>\n<li><strong>\u00bfQU\u00c9 ME OFRECES? <\/strong>\u2013 MI\u00c9RCOLES de 10 a 11h.\u00a0Dinamizaci\u00f3n comunitaria, creaci\u00f3n de actividades.<\/li>\n<\/ul>\n<ul>\n<li><strong>FOTOS DE IR POR CASA <\/strong>&#8211; JUEVES de 9 a 10h.\u00a0Aprende a manipular fotograf\u00edas.<\/li>\n<\/ul>\n<ul>\n<li><strong>INICIATE (RICARDO Y NARCISO) &#8211; <\/strong>JUEVES 12.30 a 14h.\u00a0Aprende a usar principales funciones del ordenador.<\/li>\n<\/ul>\n<ul>\n<li><strong>BUZ\u00d3N DE SUGERENCIAS<\/strong> \u2013 MI\u00c9RCOLES de 12.30 a 14h.\u00a0Seg\u00fan petici\u00f3n. <strong>Del 20 abril al 4 de mayo.<\/strong><\/li>\n<\/ul>\n<ul>\n<li><strong>POWER POINT<\/strong>\u00a0Maneja el programa de presentaciones de fotos.\n<ul>\n<li>VIERNES 12.30 a 14h <strong>CON JES\u00daS<\/strong><\/li>\n<li>VIERNES 15 a 17h <strong>CON ANTONIO<\/strong><\/li>\n<\/ul>\n<\/li>\n<\/ul>\n<p>&nbsp;<\/p>\n<p><span style=\"text-decoration: underline;color: #0000ff\">HORARIO 2DO TRIMESTRE 2015\/16<\/span><\/p>\n<p>Inscripciones a partir del 1 de diciembre<\/p>\n<p>Inicio de las clases a partir del 18 de enero.<\/p>\n<ul>\n<li><span style=\"color: #0000ff\"><strong>COCINA POPULAR<\/strong> <\/span>\u2013 LUNES de 12.30 a 14h<\/li>\n<\/ul>\n<p>Ense\u00f1a lo que sabes, aprende y comp\u00e1rtelo en un blog.<\/p>\n<ul>\n<li><span style=\"color: #0000ff\"><strong>CREACIONES POR INTERNET<\/strong><\/span> \u2013 LUNES de 16 a 17h<\/li>\n<\/ul>\n<p>Usa p\u00e1ginas web con muchas posibilidades.<\/p>\n<ul>\n<li><span style=\"color: #0000ff\"><strong>SMARTPHONES 2<\/strong><\/span><\/li>\n<li>LUNES de 18.35 a 19.30<\/li>\n<li>MARTES de 9 a 10h<\/li>\n<\/ul>\n<p>Conoce utilidades y aplicacions para tu telefono.<\/p>\n<ul>\n<li><span style=\"color: #0000ff\"><strong>SMARTPHONES 1 <\/strong><\/span>&#8211; MARTES de 12.30 a 14h<\/li>\n<\/ul>\n<p>Maneja tu m\u00f3vil sin miedo, conoce sus principales funciones.<\/p>\n<p><strong>Del 19 de enero al 9 de febrero.<\/strong><\/p>\n<ul>\n<li><strong><span style=\"color: #0000ff\">\u00bfQU\u00c9 ME OFRECES?<\/span> <\/strong>\u2013 MI\u00c9RCOLES de 10 a 11h<\/li>\n<\/ul>\n<p>Dinamizaci\u00f3n comunitaria, creaci\u00f3n de actividades.<\/p>\n<ul>\n<li><span style=\"color: #0000ff\"><strong>HUERTO URBANO <\/strong><\/span>&#8211; JUEVES de 9 a 10h<\/li>\n<\/ul>\n<p>Aprende a buscar y guardar informaci\u00f3n de internet.<\/p>\n<ul>\n<li><strong><span style=\"color: #0000ff\">INICIATE CON RICARDO<\/span> &#8211; <\/strong>\u00a0JUEVES de 12.30 a 14h<\/li>\n<\/ul>\n<p>Aprende a usar principales funciones del ordenador.<\/p>\n<ul>\n<li><span style=\"color: #0000ff\"><strong>BUZ\u00d3N DE SUGERENCIAS<\/strong><\/span> \u2013 JUEVES de 15 a 16h<\/li>\n<\/ul>\n<p>Seg\u00fan peticiones hechadas en la caja del buzon de sugerencias.<\/p>\n<p><strong>Del 21 de enero al 4 de febrero.<\/strong><\/p>\n<ul>\n<li><strong>\u00a0<\/strong><span style=\"color: #0000ff\"><strong>POWER POINT<\/strong><\/span><\/li>\n<li>VIERNES 12.30 a 14h <strong>CON JES\u00daS<\/strong><\/li>\n<li>VIERNES 15 a 16h <strong>CON ANTONIO<\/strong><\/li>\n<\/ul>\n<p>Maneja el programa de presentaciones de fotos.<\/p>\n<p>&nbsp;<\/p>\n<p>&nbsp;<\/p>\n<p>&nbsp;<\/p>\n<p>&nbsp;<\/p>\n<p><em><span style=\"text-decoration: underline\"><span style=\"color: #0000ff;text-decoration: underline\"><strong>HORARIO 1ER TRIMESTRE 2015\/16<\/strong><\/span><\/span><\/em><\/p>\n<p>Inscripciones a partir del 14 de setiembre de 2015.<\/p>\n<p>Inicio de clases a partir del lunes 21, fin de clases\u00a016 de diciembre.<\/p>\n<ul>\n<li><span style=\"color: #0000ff\"><strong>HUERTO URBANO<\/strong><\/span> \u2013 LUNES de 12.30 a 14h<\/li>\n<\/ul>\n<p>Proyecto para la elaboraci\u00f3n de un huerto urbano.<\/p>\n<ul>\n<li><span style=\"color: #0000ff\"><strong>FOTO<\/strong> <\/span>\u2013 LUNES de 16 a 17h<\/li>\n<\/ul>\n<p>Retoca fotos con p\u00e1ginas web.<\/p>\n<ul>\n<li><span style=\"color: #0000ff\"><strong>SMARTPHONES \u00a0<\/strong><\/span>&#8211; LUNES de 18.35 a 19.30 \/\u00a0MARTES de 9 a 10h<\/li>\n<\/ul>\n<p>Maneja tu m\u00f3vil sin miedo<\/p>\n<ul>\n<li><span style=\"color: #0000ff\"><strong>COCINA POPULAR<\/strong><\/span> \u2013 MARTES de 12.30 a 14h<\/li>\n<\/ul>\n<p>Ense\u00f1a lo que sabes, elabora un recetario.<\/p>\n<ul>\n<li><span style=\"color: #0000ff\"><strong>\u00bfQU\u00c9 ME OFRECES? <\/strong><\/span>\u2013 MI\u00c9RCOLES de 10 a 11h<\/li>\n<\/ul>\n<p>Dinamizaci\u00f3n comunitaria, creaci\u00f3n de actividades.<\/p>\n<ul>\n<li><span style=\"color: #0000ff\"><strong>PUPURRI<\/strong><\/span> &#8211; MI\u00c9RCOLES de 12.30 a 14h\n<ul>\n<li><strong>En forma<\/strong> del 23 al 30 de setiembre<\/li>\n<li><strong>Manualidades<\/strong> del 14 oct al 4 nov<\/li>\n<li><strong>Especial Navidad<\/strong> 18 nov -9 dic<\/li>\n<\/ul>\n<\/li>\n<\/ul>\n<ul>\n<li><span style=\"color: #0000ff\"><strong>\u00a0<\/strong><strong>INICIATE<\/strong><\/span> &#8211; JUEVES de 9 a 10h <b>\/\u00a0<\/b>JUEVES de 12.30 a 14h <strong>CON RICARDO<\/strong><\/li>\n<\/ul>\n<p>Aprende a usar el rat\u00f3n, el teclado y las ventanas.<\/p>\n<ul>\n<li><span style=\"color: #0000ff\"><strong>POWER POINT<\/strong><\/span> \u2013 VIERNES 12.30 a 14h <strong>CON JES\u00daS \/\u00a0<\/strong>VIERNES 15 a 17h <strong>CON ANTONIO<\/strong><\/li>\n<\/ul>\n<p>Maneja el programa de presentaciones de fotos<\/p>\n<ul>\n<li><span style=\"color: #0000ff\"><strong>BUSQUEDA LABORAL<\/strong><\/span> &#8211; JUEVES de 15 a 16h<\/li>\n<\/ul>\n<ul>\n<li><span style=\"color: #0000ff\"><strong>ESPACIO ABIERTO<\/strong><\/span> \u2013 MARTES DE 18.30 a 19.30h \/\u00a0MI\u00c9RCOLES de 15 a 16 h \/\u00a0JUEVES de 11.30 a 12.30h<\/li>\n<\/ul>\n<p>Consulta, trae tu dispositivo, con\u00e9ctate<\/p>\n<p>&nbsp;<\/p>\n<p>&#8212;&#8212;&#8212;&#8212;&#8212;&#8212;&#8212;&#8212;&#8212;&#8212;&#8212;&#8212;&#8212;&#8212;&#8212;&#8212;&#8212;&#8212;&#8212;&#8212;&#8212;&#8212;&#8212;&#8212;&#8212;&#8212;&#8212;&#8212;&#8212;&#8212;&#8212;&#8212;&#8212;&#8212;&#8212;&#8212;&#8212;&#8212;&#8212;&#8212;&#8212;&#8212;-<\/p>\n<p><span style=\"color: #ffffff;background-color: #3366ff\">CURSO 2014-15<\/span><\/p>\n<p><span style=\"text-decoration: underline\"><span style=\"color: #000000;text-decoration: underline\">HORARIO VERANO<\/span><\/span><\/p>\n<p><a href=\"http:\/\/xarxaomnia.gencat.cat\/blocs\/esclat\/files\/HORARI-OMNIA-JULIOL1.jpg\"><img loading=\"lazy\" decoding=\"async\" class=\"aligncenter size-full wp-image-554\" src=\"http:\/\/xarxaomnia.gencat.cat\/blocs\/esclat\/files\/HORARI-OMNIA-JULIOL1.jpg\" alt=\"HORARI OMNIA JULIOL\" width=\"534\" height=\"583\" srcset=\"https:\/\/bloc.xarxa-omnia.org\/esclat\/files\/HORARI-OMNIA-JULIOL1.jpg 534w, https:\/\/bloc.xarxa-omnia.org\/esclat\/files\/HORARI-OMNIA-JULIOL1-275x300.jpg 275w\" sizes=\"auto, (max-width: 534px) 100vw, 534px\" \/><\/a><\/p>\n<p>&nbsp;<\/p>\n<p><span style=\"color: #ffffff;background-color: #3366ff\">TERCER TRIMESTRE<\/span><\/p>\n<p>CAMBIO DE ULTIMA HORA:<\/p>\n<p>Se eliminar\u00e1 el curso de &#8220;Radio Esclat&#8221;.<\/p>\n<p>Se abrir\u00e1 un nuevo grupo de trabajo de\u00a0nuevos m\u00f3viles <strong>smartphones<\/strong> para principiantes los <strong>jueves de 15 a 16h<\/strong>.<\/p>\n<p><a href=\"http:\/\/xarxaomnia.gencat.cat\/blocs\/esclat\/files\/3t.jpg\"><img loading=\"lazy\" decoding=\"async\" class=\"aligncenter size-full wp-image-531\" src=\"http:\/\/xarxaomnia.gencat.cat\/blocs\/esclat\/files\/3t.jpg\" alt=\"3t\" width=\"426\" height=\"573\" srcset=\"https:\/\/bloc.xarxa-omnia.org\/esclat\/files\/3t.jpg 426w, https:\/\/bloc.xarxa-omnia.org\/esclat\/files\/3t-223x300.jpg 223w\" sizes=\"auto, (max-width: 426px) 100vw, 426px\" \/><\/a><\/p>\n<p>&nbsp;<\/p>\n<p>Inscripciones a partir del lunes 16 de marzo.<\/p>\n<p>Inicio de las clases a partir del lunes 13 de abril.<\/p>\n<p><span style=\"color: #ffffff;background-color: #3366ff\">SEGUNDO TRIMESTRE <\/span><\/p>\n<p><a href=\"http:\/\/xarxaomnia.gencat.cat\/blocs\/esclat\/files\/2n-trim.jpg\"><img loading=\"lazy\" decoding=\"async\" class=\"aligncenter size-full wp-image-516\" src=\"http:\/\/xarxaomnia.gencat.cat\/blocs\/esclat\/files\/2n-trim.jpg\" alt=\"2n trim\" width=\"720\" height=\"960\" srcset=\"https:\/\/bloc.xarxa-omnia.org\/esclat\/files\/2n-trim.jpg 720w, https:\/\/bloc.xarxa-omnia.org\/esclat\/files\/2n-trim-225x300.jpg 225w\" sizes=\"auto, (max-width: 720px) 100vw, 720px\" \/><\/a><\/p>\n<p>&nbsp;<\/p>\n<p>La actividad del viernes (llevada por Antonio y Jes\u00fas) ser\u00e0 de 11 a 13h.<\/p>\n<p>Inscripciones del 15 al 23 de diciembre.<\/p>\n<p>Incio de los cursos a partir del 12 de enero.<\/p>\n<p>Finalizaci\u00f3n de los cursos 20 de marzo.<\/p>\n<p>&nbsp;<\/p>\n<p>&nbsp;<\/p>\n<p>&nbsp;<\/p>\n<p><span style=\"color: #ffffff;background-color: #3366ff\">1ER TRIMESTRE\u00a0<\/span><\/p>\n<p>Inscripciones abiertas a partir del 8 de setiembre de 2014.<\/p>\n<p>Inicio cursos a partir del 15 de setiembre hasta 19 de diciembre de 2014.<\/p>\n<p><a href=\"http:\/\/xarxaomnia.gencat.cat\/blocs\/esclat\/files\/1ER-TRIM.jpg\"><img loading=\"lazy\" decoding=\"async\" class=\"aligncenter size-full wp-image-510\" src=\"http:\/\/xarxaomnia.gencat.cat\/blocs\/esclat\/files\/1ER-TRIM.jpg\" alt=\"1ER TRIM 2014-15\" width=\"720\" height=\"960\" srcset=\"https:\/\/bloc.xarxa-omnia.org\/esclat\/files\/1ER-TRIM.jpg 720w, https:\/\/bloc.xarxa-omnia.org\/esclat\/files\/1ER-TRIM-225x300.jpg 225w\" sizes=\"auto, (max-width: 720px) 100vw, 720px\" \/><\/a><\/p>\n<p>&nbsp;<\/p>\n<p><span style=\"background-color: #3366ff\"><span style=\"color: #ffffff\">CURS 2013-14<\/span><\/span><\/p>\n<p><span style=\"background-color: #3366ff;color: #ffffff\">3er trimestre<\/span><\/p>\n<p align=\"center\"><b>CLASES DEL 28 DE ABRIL AL 12 DE JUNIO<\/b><\/p>\n<p align=\"center\"><a href=\"http:\/\/xarxaomnia.gencat.cat\/blocs\/esclat\/files\/horari-3t-explicat-imatge.jpg\"><img loading=\"lazy\" decoding=\"async\" class=\"aligncenter size-full wp-image-476\" src=\"http:\/\/xarxaomnia.gencat.cat\/blocs\/esclat\/files\/horari-3t-explicat-imatge.jpg\" alt=\"horari 3t explicat imatge\" width=\"522\" height=\"697\" srcset=\"https:\/\/bloc.xarxa-omnia.org\/esclat\/files\/horari-3t-explicat-imatge.jpg 522w, https:\/\/bloc.xarxa-omnia.org\/esclat\/files\/horari-3t-explicat-imatge-224x300.jpg 224w\" sizes=\"auto, (max-width: 522px) 100vw, 522px\" \/><\/a><\/p>\n<p>&nbsp;<\/p>\n<p>&nbsp;<\/p>\n<p><span style=\"background-color: #3366ff\"><span style=\"color: #ffffff\">2n trimestre <\/span><\/span><\/p>\n<p><span style=\"background-color: #3366ff\"><span style=\"color: #ffffff\"><span style=\"background-color: #ffffff\"><span style=\"color: #000000\">Inscripcions a partir del 16 de desembre. <\/span><\/span><\/span><\/span><\/p>\n<p><span style=\"background-color: #3366ff\"><span style=\"color: #ffffff\"><span style=\"background-color: #ffffff\"><span style=\"color: #000000\">Inici dels cursos: setmana del 13 de gener.<\/span><\/span><\/span><\/span><\/p>\n<p><span style=\"background-color: #3366ff\"><span style=\"color: #ffffff\"><a href=\"http:\/\/xarxaomnia.gencat.cat\/blocs\/esclat\/files\/HORARIS-2T1.png\"><img loading=\"lazy\" decoding=\"async\" class=\"aligncenter size-full wp-image-397\" title=\"HORARIS 2T\" src=\"http:\/\/xarxaomnia.gencat.cat\/blocs\/esclat\/files\/HORARIS-2T1.png\" alt=\"\" width=\"521\" height=\"670\" srcset=\"https:\/\/bloc.xarxa-omnia.org\/esclat\/files\/HORARIS-2T1.png 521w, https:\/\/bloc.xarxa-omnia.org\/esclat\/files\/HORARIS-2T1-233x300.png 233w\" sizes=\"auto, (max-width: 521px) 100vw, 521px\" \/><\/a><br \/>\n<\/span><\/span><\/p>\n<p><span style=\"background-color: #0000ff\"><span style=\"color: #ffffff\">1er trimestre<\/span><\/span><\/p>\n<p><a href=\"http:\/\/xarxaomnia.gencat.cat\/blocs\/esclat\/files\/1t.png\"><img loading=\"lazy\" decoding=\"async\" class=\"aligncenter size-full wp-image-376\" title=\"1t 2013-14\" src=\"http:\/\/xarxaomnia.gencat.cat\/blocs\/esclat\/files\/1t.png\" alt=\"\" width=\"607\" height=\"818\" srcset=\"https:\/\/bloc.xarxa-omnia.org\/esclat\/files\/1t.png 607w, https:\/\/bloc.xarxa-omnia.org\/esclat\/files\/1t-222x300.png 222w\" sizes=\"auto, (max-width: 607px) 100vw, 607px\" \/><\/a><\/p>\n<p><span style=\"background-color: #3366ff\"><span style=\"color: #ffffff\"><br \/>\n<\/span><\/span><\/p>\n<p><strong><span style=\"background-color: #3366ff\"><span style=\"color: #ffffff\"><span style=\"background-color: #3366ff\">2012-13 <\/span><\/span><\/span><\/strong><\/p>\n<p><a href=\"http:\/\/xarxaomnia.gencat.cat\/blocs\/esclat\/files\/juliol1.jpg\"><img loading=\"lazy\" decoding=\"async\" class=\"aligncenter size-full wp-image-364\" title=\"juliol\" src=\"http:\/\/xarxaomnia.gencat.cat\/blocs\/esclat\/files\/juliol1.jpg\" alt=\"\" width=\"917\" height=\"480\" srcset=\"https:\/\/bloc.xarxa-omnia.org\/esclat\/files\/juliol1.jpg 917w, https:\/\/bloc.xarxa-omnia.org\/esclat\/files\/juliol1-300x157.jpg 300w\" sizes=\"auto, (max-width: 917px) 100vw, 917px\" \/><\/a><\/p>\n<p><strong><span style=\"background-color: #3366ff\"><span style=\"color: #ffffff\"><span style=\"background-color: #3366ff\">3er trimestre (2 abril &#8211; 14 juny 2013)<\/span><\/span><\/span><\/strong><\/p>\n<p><strong><span style=\"background-color: #3366ff\"><span style=\"color: #ffffff\"><span style=\"background-color: #3366ff\"><a href=\"http:\/\/xarxaomnia.gencat.cat\/blocs\/esclat\/files\/Sin-t\u00edtulo1.jpg\"><img loading=\"lazy\" decoding=\"async\" class=\"aligncenter size-full wp-image-348\" title=\"horario 3er triemstre omnia esclat\" src=\"http:\/\/xarxaomnia.gencat.cat\/blocs\/esclat\/files\/Sin-t\u00edtulo1.jpg\" alt=\"\" width=\"743\" height=\"916\" srcset=\"https:\/\/bloc.xarxa-omnia.org\/esclat\/files\/Sin-t\u00edtulo1.jpg 743w, https:\/\/bloc.xarxa-omnia.org\/esclat\/files\/Sin-t\u00edtulo1-243x300.jpg 243w\" sizes=\"auto, (max-width: 743px) 100vw, 743px\" \/><\/a><\/span><\/span><\/span><\/strong><\/p>\n<p>&nbsp;<\/p>\n<p><strong><span style=\"background-color: #3366ff\"><span style=\"color: #ffffff\"><span style=\"background-color: #3366ff\">2n trimestre (enero &#8211; marzo 2013)<\/span><\/span><\/span><\/strong><\/p>\n<p><span style=\"color: #3366ff\"><strong><span style=\"background-color: #3366ff\"><span style=\"background-color: #3366ff\"><span style=\"background-color: #ffffff\">Inscripciones del 8 al 11 de enero. I<\/span><\/span><\/span><\/strong><strong><span style=\"background-color: #3366ff\"><span style=\"background-color: #3366ff\"><span style=\"background-color: #ffffff\">nicio clases a partir del 14 de enero.<\/span><\/span><\/span><\/strong><\/span><\/p>\n<p><span style=\"background-color: #3366ff\"><span style=\"color: #ffffff\"><span style=\"background-color: #ffffff;color: #000000\"><a href=\"http:\/\/xarxaomnia.gencat.cat\/blocs\/esclat\/files\/2t-explicats.jpg\"> <img loading=\"lazy\" decoding=\"async\" class=\"aligncenter size-full wp-image-313\" title=\"2t explicats\" src=\"http:\/\/xarxaomnia.gencat.cat\/blocs\/esclat\/files\/2t-explicats.jpg\" alt=\"\" width=\"638\" height=\"849\" srcset=\"https:\/\/bloc.xarxa-omnia.org\/esclat\/files\/2t-explicats.jpg 638w, https:\/\/bloc.xarxa-omnia.org\/esclat\/files\/2t-explicats-225x300.jpg 225w\" sizes=\"auto, (max-width: 638px) 100vw, 638px\" \/><\/a><\/span><\/span><\/span><\/p>\n<p><strong><span style=\"background-color: #3366ff\"><span style=\"color: #ffffff\"><span style=\"background-color: #3366ff\">1ER TRIMESTRE CURS 2012-13<\/span><\/span><\/span><\/strong><\/p>\n<p><strong><span style=\"background-color: #3366ff\"><span style=\"color: #ffffff\"><span style=\"background-color: #3366ff\"><a href=\"http:\/\/xarxaomnia.gencat.cat\/blocs\/esclat\/files\/HORARI-1T-2012.png\"><img loading=\"lazy\" decoding=\"async\" class=\"aligncenter size-full wp-image-266\" title=\"HORARI 1T 2012\" src=\"http:\/\/xarxaomnia.gencat.cat\/blocs\/esclat\/files\/HORARI-1T-2012.png\" alt=\"\" width=\"868\" height=\"519\" srcset=\"https:\/\/bloc.xarxa-omnia.org\/esclat\/files\/HORARI-1T-2012.png 868w, https:\/\/bloc.xarxa-omnia.org\/esclat\/files\/HORARI-1T-2012-300x179.png 300w\" sizes=\"auto, (max-width: 868px) 100vw, 868px\" \/><\/a><\/span><\/span><\/span><\/strong><\/p>\n<p><strong><span style=\"text-decoration: underline\">Inserci\u00f3 sociolaboral al punt \u00d3mnia Esclat Bellvitge curs 2012-13. 1er trimestre <\/span><\/strong><\/p>\n<p><strong>Circuit 1<\/strong>: \u00a0iniciaci\u00f3 a les tic. Sessions els divendres d\u201911 a 12h. A l\u2019octubre els dies 5, 19 i 26. Al novembre s\u2019inicia el circuit els dies 9,16,23 i 30.<\/p>\n<p><strong>Circuit 2:<\/strong> introducci\u00f3 a internet. Sessions els dimarts d\u201911.30 a 12.30.A l\u2019octubre els dies 2, 9, 16 i 23. Al novembre s\u2019inicia el circuit els dies 6, 13, 20 i 27. A desembre s\u2019inicia de nou el circuit els dies 4, 11 i 18<\/p>\n<p><strong>Sessions extraordin\u00e0ries:<\/strong> xerrades formatives sobre el mon laboral d\u2019una hora. 1d\u2019octubre a les 16h, 30 d\u2019octubre a les 11.30h, 14 de desembre a les 11.30h.<\/p>\n<p><strong>Espai obert de la sala d\u2019inform\u00e0tica: <\/strong>Amb orientadora laboral: dimarts de 12.30-13.30h. Dilluns de 16.00-17.00h i divendres de 12.00-13.00h<\/p>\n<p><strong><span style=\"background-color: #3366ff\"><span style=\"color: #ffffff\"><span style=\"background-color: #3366ff\">2011-2012 <\/span><\/span><\/span><\/strong><\/p>\n<p><strong><span style=\"color: #ffffff\"><span style=\"background-color: #ffffff\"><span style=\"color: #000000\"><span style=\"color: #ffffff\"><span style=\"background-color: #3366ff\">3ER TRIMESTRE CURS 2011-12 <\/span><\/span><\/span><\/span><\/span><\/strong><\/p>\n<p><strong><span style=\"text-decoration: underline\">INSCRIPCIONS:<\/span><\/strong><strong> DEL 26 AL 30 DE MAR\u00c7 2012<\/strong><\/p>\n<p><strong><span style=\"text-decoration: underline\">INICI CLASSES<\/span><\/strong><strong>: 10 D\u2019ABRIL DE 2012<\/strong><\/p>\n<p><span style=\"text-decoration: underline\"><a href=\"http:\/\/xarxaomnia.gencat.cat\/blocs\/esclat\/files\/horari-3t-2012.jpg\"><img loading=\"lazy\" decoding=\"async\" class=\"aligncenter size-medium wp-image-214\" title=\"horari 3t 2012\" src=\"http:\/\/xarxaomnia.gencat.cat\/blocs\/esclat\/files\/horari-3t-2012-300x284.jpg\" alt=\"\" width=\"300\" height=\"284\" srcset=\"https:\/\/bloc.xarxa-omnia.org\/esclat\/files\/horari-3t-2012-300x284.jpg 300w, https:\/\/bloc.xarxa-omnia.org\/esclat\/files\/horari-3t-2012.jpg 583w\" sizes=\"auto, (max-width: 300px) 100vw, 300px\" \/><\/a><\/span><\/p>\n<p><span style=\"text-decoration: underline\">SALA LLIURE<\/span>(ACC\u00c9SS A INTERNET, DUBTES PERSONALS, PRACTICAR)<\/p>\n<p><span style=\"text-decoration: underline\">CREACIONS PER INTERNET<\/span> (B\u00c0SIC, L\u00daDIC, FOTOGRAFIA F\u00c0CIL)<\/p>\n<p><span style=\"text-decoration: underline\">QUE PUC FER AMB L\u2019ORDINADOR?<\/span> (INICI, OPEN OFFICE: FULL DE TEXT, FULL DE CALCUL)<\/p>\n<p><span style=\"text-decoration: underline\">RECERCA LABORAL <\/span>(PERSONALITZAT: CURR\u00cdCULUM, CORREU, WEBS)<\/p>\n<p><span style=\"text-decoration: underline\">INTERNET B\u00c0SIC<\/span> (INICI, NAVEGAR: BUSCAR I TROBAR)<\/p>\n<p><span style=\"text-decoration: underline\">TALLER DE MEM\u00d2RIA<\/span> (B\u00c0SIC, L\u00daDIC, ACTIVITATS DE REFOR\u00c7 COGNITIU)<\/p>\n<p><span style=\"text-decoration: underline\">COMUNICAR-SE PER INTERNET<\/span> (CORREU ELECTR\u00d2NIC, XATS)<\/p>\n<p><span style=\"text-decoration: underline\">CONEIXER L\u2019ORDINADOR<\/span> (NIVELL 0, INICI, ENTENDRE FUNCIONAMENT)<\/p>\n<p><strong><span style=\"color: #339966\"><span style=\"background-color: #3366ff\"><span style=\"color: #ffffff\">Inicio de a\u00f1o 2012. 2n trimestre <\/span><\/span><\/span><\/strong><\/p>\n<p style=\"text-align: center\"><a href=\"http:\/\/xarxaomnia.gencat.cat\/blocs\/esclat\/files\/2t.jpg\"><img loading=\"lazy\" decoding=\"async\" class=\"aligncenter size-medium wp-image-176\" title=\"2t\" src=\"http:\/\/xarxaomnia.gencat.cat\/blocs\/esclat\/files\/2t-300x299.jpg\" alt=\"\" width=\"397\" height=\"327\" \/><\/a><\/p>\n<p>&nbsp;<\/p>\n<p><strong>Las inscripciones se abrir\u00e1n el d\u00eda 9 de enero hasta el d\u00eda 13. <\/strong><\/p>\n<p><strong>Las clases empezar\u00e1n la semana del 16 de enero.<\/strong><\/p>\n<p><strong><span style=\"text-decoration: underline\"><span style=\"background-color: #ffffff\"><span style=\"color: #3366ff;text-decoration: underline\">CONEIXER L&#8217;ORDINADOR<\/span> <\/span><\/span><\/strong><\/p>\n<p><strong>REQUISITS:<\/strong><\/p>\n<p>\u25a1\u00a0\u00a0\u00a0\u00a0\u00a0\u00a0\u00a0 DIFICULTAT: INICI<\/p>\n<p>\u25a1\u00a0\u00a0\u00a0\u00a0\u00a0\u00a0\u00a0 NO CAL HAVER TOCAT MAI UN ORDENADOR<\/p>\n<p><strong>APRENENTATGE:<\/strong><\/p>\n<p>\u25a1\u00a0\u00a0\u00a0\u00a0\u00a0\u00a0\u00a0 CONEIXER EL FUNCIONAMENT B\u00c0SIC D\u2019UN ORDINADOR<\/p>\n<p>\u25a1\u00a0\u00a0\u00a0\u00a0\u00a0\u00a0\u00a0 MANEIG CORRECTE D\u2019UN RATOL\u00cd<\/p>\n<p>\u25a1\u00a0\u00a0\u00a0\u00a0\u00a0\u00a0\u00a0 SABER UTILITZAR UN TECLAT PER ESCRIURE ELS QUE ENS PROPOSEM<\/p>\n<p>\u25a1\u00a0\u00a0\u00a0\u00a0\u00a0\u00a0\u00a0 ENGEGAR I APAGAR UN ORDINADOR<\/p>\n<p>\u25a1\u00a0\u00a0\u00a0\u00a0\u00a0\u00a0\u00a0 ORGANITZAR DOCUMENTS I FOTOS<\/p>\n<p><strong>ACTIVITATS: <\/strong><\/p>\n<p>\u25a1\u00a0\u00a0\u00a0\u00a0\u00a0\u00a0\u00a0 FER CARPETES<\/p>\n<p>\u25a1\u00a0\u00a0\u00a0\u00a0\u00a0\u00a0\u00a0 GUARDAR LES FOTOS A L\u2019ORDINADOR<\/p>\n<p>\u25a1\u00a0\u00a0\u00a0\u00a0\u00a0\u00a0\u00a0 SABER MANEJAR LES FINESTRES DE L\u2019ORDINADOR<\/p>\n<p>\u25a1\u00a0\u00a0\u00a0\u00a0\u00a0\u00a0\u00a0 SABER FER UN CD<\/p>\n<p>&nbsp;<\/p>\n<p><span style=\"color: #3366ff\"><strong><span style=\"text-decoration: underline\">QU\u00c8 PUC FER AMB L\u2019ORDINADOR?<\/span><\/strong> <\/span><\/p>\n<p><strong>REQUISITS:<\/strong><\/p>\n<p>\u25a1\u00a0\u00a0\u00a0\u00a0\u00a0\u00a0\u00a0 DIFICULTAT: INICI &#8211; BAIXA<\/p>\n<p>\u25a1\u00a0\u00a0\u00a0\u00a0\u00a0\u00a0\u00a0 SABER MANEJAR EL RATOL\u00cd, LES FINESTRES, LES CARPETES\u2026<\/p>\n<p><strong>APRENENTATGE:<\/strong><\/p>\n<p>\u25a1\u00a0\u00a0\u00a0\u00a0\u00a0\u00a0\u00a0 TAST DE PROGRAMES QUE PODEN SER D\u2019UTILITAT,<\/p>\n<p>\u25a1\u00a0\u00a0\u00a0\u00a0\u00a0\u00a0\u00a0 UTILITZACI\u00d3 DEL OPPENOFFICE, PROGRAMARI LLIURE<\/p>\n<p>\u25a1\u00a0\u00a0\u00a0\u00a0\u00a0\u00a0\u00a0 MENEIG GENERAL DE CUALSEVOL PROGRAMA<\/p>\n<p>\u25a1\u00a0\u00a0\u00a0\u00a0\u00a0\u00a0\u00a0 INSTALACIO \/ DESINSTALACI\u00d3<\/p>\n<p><strong>ACTIVITATS: <\/strong><\/p>\n<p>\u25a1\u00a0\u00a0\u00a0\u00a0\u00a0\u00a0\u00a0 DOCUMENT DE TEXT: REDACTEM UN TEXT, FEM UN LLISTAT, COPIEM TEX D\u2019INTERNET I EL POSEM AL NOSTRE GUST<\/p>\n<p>\u25a1\u00a0\u00a0\u00a0\u00a0\u00a0\u00a0\u00a0 FULL DE CALCUL: FEM LES COMPTES DE LA CASA<\/p>\n<p>\u25a1\u00a0\u00a0\u00a0\u00a0\u00a0\u00a0\u00a0 PRESENTACIONS: FEM CARTELLS, CALENDARIS<\/p>\n<p>\u25a1\u00a0\u00a0\u00a0\u00a0\u00a0\u00a0\u00a0 DIBUIXEM AMB L\u2019ORDENADOR<\/p>\n<p>&nbsp;<\/p>\n<p><span style=\"color: #3366ff\"><strong><span style=\"text-decoration: underline\">UTILITATS D\u2019INTERNET<\/span><\/strong> <\/span><\/p>\n<p><strong>REQUISITS:<\/strong><\/p>\n<p>\u25a1\u00a0\u00a0\u00a0\u00a0\u00a0\u00a0\u00a0 DIFICULTAT: MITJANA<\/p>\n<p>\u25a1\u00a0\u00a0\u00a0\u00a0\u00a0\u00a0\u00a0 SABER MANEJAR EL RATOL\u00cd<\/p>\n<p>\u25a1\u00a0\u00a0\u00a0\u00a0\u00a0\u00a0\u00a0 CONEIXER LA INTERFACE DE L\u2019ORDENADOR, LES FINESTRES, LES CARPETES\u2026<\/p>\n<p><strong>APRENENTATGE:<\/strong><\/p>\n<p>\u25a1\u00a0\u00a0\u00a0\u00a0\u00a0\u00a0\u00a0 RECERCA DE WEBS<\/p>\n<p>\u25a1\u00a0\u00a0\u00a0\u00a0\u00a0\u00a0\u00a0 UTILITZACI\u00d3 D\u2019EINES QUE OFEREIXEN DIFERENTS WEBS<\/p>\n<p><strong>ACTIVITATS: <\/strong><\/p>\n<p>\u25a1\u00a0\u00a0\u00a0\u00a0\u00a0\u00a0\u00a0 WEBS DE FOTOGRAFIA<\/p>\n<p>\u25a1\u00a0\u00a0\u00a0\u00a0\u00a0\u00a0\u00a0 WEBS D\u2019UTILITAT<\/p>\n<p>\u25a1\u00a0\u00a0\u00a0\u00a0\u00a0\u00a0\u00a0 RECERCA DE MAPES<\/p>\n<p>\u25a1\u00a0\u00a0\u00a0\u00a0\u00a0\u00a0\u00a0 HORA A LA SEGURETAT SOCIAL<\/p>\n<p>\u25a1\u00a0\u00a0\u00a0\u00a0\u00a0\u00a0\u00a0 ACTIVITATS LUDIQUES: JOCS, ENTRETENIMENT<\/p>\n<p>\u25a1\u00a0\u00a0\u00a0\u00a0\u00a0\u00a0\u00a0 WEBS DE CREACI\u00d3 ART\u00cdSTICA<\/p>\n<p>&nbsp;<\/p>\n<p><span style=\"color: #3366ff\"> <strong><span style=\"text-decoration: underline\">RECERCA LABORAL:<\/span><\/strong> <\/span><\/p>\n<p><strong>REQUISITS:<\/strong><\/p>\n<p>\u25a1\u00a0\u00a0\u00a0\u00a0\u00a0\u00a0\u00a0 DIFICULTAT: INICI<\/p>\n<p>\u25a1\u00a0\u00a0\u00a0\u00a0\u00a0\u00a0\u00a0 SABER MANEJAR EL RATOL\u00cd, LES FINESTRES, LES CARPETES\u2026<\/p>\n<p><strong>APRENENTATGE:<\/strong><\/p>\n<p>\u25a1\u00a0\u00a0\u00a0\u00a0\u00a0\u00a0\u00a0 AJUDA EN TOT EL REFEREN A LA RECERCA LABORAL PER INTERNET<\/p>\n<p><strong>ACTIVITATS: <\/strong><\/p>\n<p>\u25a1\u00a0\u00a0\u00a0\u00a0\u00a0\u00a0\u00a0 CREACIO DEL CURRICULUM VITAE<\/p>\n<p>\u25a1\u00a0\u00a0\u00a0\u00a0\u00a0\u00a0\u00a0 CREACIO DE CARTES DE PRESENTACI\u00d3<\/p>\n<p>\u25a1\u00a0\u00a0\u00a0\u00a0\u00a0\u00a0\u00a0 CREACI\u00d3 I MANEIG DE CORREU ELECT\u00d2NIC<\/p>\n<p>\u25a1\u00a0\u00a0\u00a0\u00a0\u00a0\u00a0\u00a0 AUTOCANDIDATURA: BUSCAR CONTACTES D\u2019EMPRESES<\/p>\n<p>\u25a1\u00a0\u00a0\u00a0\u00a0\u00a0\u00a0\u00a0 ALTA A PRINCIPALS P\u00c1GINES DE RECERCA LABORAL<\/p>\n<p>\u25a1\u00a0\u00a0\u00a0\u00a0\u00a0\u00a0\u00a0 RECERCA PER INTERNET GUIADA<\/p>\n<p><span style=\"color: #3366ff\"> <strong><span style=\"text-decoration: underline\">INTERNET SOCIAL<\/span><\/strong> <\/span><\/p>\n<p><strong>REQUISITS:<\/strong><\/p>\n<p>\u25a1\u00a0\u00a0\u00a0\u00a0\u00a0\u00a0\u00a0 DIFICULTAT: MITJA-ALTA<\/p>\n<p>\u25a1\u00a0\u00a0\u00a0\u00a0\u00a0\u00a0\u00a0 SABER MANEJAR EL RATOL\u00cd, LES FINESTRES, LES CARPETES\u2026<\/p>\n<p>\u25a1\u00a0\u00a0\u00a0\u00a0\u00a0\u00a0\u00a0 CONEIXEMENT D\u2019INTERNET<\/p>\n<p><strong>APRENENTATGE:<\/strong><\/p>\n<p>\u25a1\u00a0\u00a0\u00a0\u00a0\u00a0\u00a0\u00a0 CONEIXER LES PRINCIPALS WEBS DE REDS SOCIALS<\/p>\n<p>\u25a1\u00a0\u00a0\u00a0\u00a0\u00a0\u00a0\u00a0 PODER PARLAR AMB ALGU MITJAN\u00c7ANT INTERNET<\/p>\n<p><strong>ACTIVITATS: <\/strong><\/p>\n<p>\u25a1\u00a0\u00a0\u00a0\u00a0\u00a0\u00a0\u00a0 XATEJAR PEL MESSENGER<\/p>\n<p>\u25a1\u00a0\u00a0\u00a0\u00a0\u00a0\u00a0\u00a0 LES VIDEOCONFERENCIES A\u00a0 L \u2018SKYPE<\/p>\n<p>\u25a1\u00a0\u00a0\u00a0\u00a0\u00a0\u00a0\u00a0 TENIR COMPTE AL\u00a0 FACEBOOK<\/p>\n<p>\u25a1\u00a0\u00a0\u00a0\u00a0\u00a0\u00a0\u00a0 CONEIXER ALTRES XARXES: MYSPACE, TWEETER<\/p>\n<p>\u25a1\u00a0\u00a0\u00a0\u00a0\u00a0\u00a0\u00a0 EXPLOREM ALGUNS FOROS I BLOGS INTERESANTS<\/p>\n<p>&nbsp;<\/p>\n<p><span style=\"color: #3366ff\"><strong><span style=\"text-decoration: underline\">CIBER CUINA<\/span><\/strong> <\/span><\/p>\n<p><strong>REQUISITS:<\/strong><\/p>\n<p>\u25a1\u00a0\u00a0\u00a0\u00a0\u00a0\u00a0\u00a0 DIFICULTAT: BAIXA-MITJA<\/p>\n<p>\u25a1\u00a0\u00a0\u00a0\u00a0\u00a0\u00a0\u00a0 SABER MANEJAR EL RATOL\u00cd, LES FINESTRES, LES CARPETES\u2026<\/p>\n<p>\u25a1\u00a0\u00a0\u00a0\u00a0\u00a0\u00a0\u00a0 CONEIXEMENT D\u2019INTERNET<\/p>\n<p><strong>APRENENTATGE:<\/strong><\/p>\n<p>\u25a1\u00a0\u00a0\u00a0\u00a0\u00a0\u00a0\u00a0 CREACI\u00d3 D\u2019UN BLOG DE CUINA<\/p>\n<p>\u25a1\u00a0\u00a0\u00a0\u00a0\u00a0\u00a0\u00a0 UTILITZACI\u00d3 D\u2019UN PROCESADOR DE TEXT AMB FOTOGRAFIES<\/p>\n<p><strong>ACTIVITATS: <\/strong><\/p>\n<p>\u25a1\u00a0\u00a0\u00a0\u00a0\u00a0\u00a0\u00a0 RECERCA DE RECEPTES PER INTERNET<\/p>\n<p>\u25a1\u00a0\u00a0\u00a0\u00a0\u00a0\u00a0\u00a0 COMPRA PER INTERNET<\/p>\n<p>\u25a1\u00a0\u00a0\u00a0\u00a0\u00a0\u00a0\u00a0 REALITZACIO D\u2019UNA RECEPTA PAS PER PAS (A LA CUINA DEL CENTRE)<\/p>\n<p>\u25a1\u00a0\u00a0\u00a0\u00a0\u00a0\u00a0\u00a0 FER FOTOS DEL PAS A PAS<\/p>\n<p>\u25a1\u00a0\u00a0\u00a0\u00a0\u00a0\u00a0\u00a0 PASAR FOTOS A L\u2019ORDINADOR<\/p>\n<p>\u25a1\u00a0\u00a0\u00a0\u00a0\u00a0\u00a0\u00a0 PUBLICACIO DE LES RECEPTES AMB EL PAS A PAS AL BLOG<\/p>\n<p>&nbsp;<\/p>\n<p><span style=\"color: #3366ff\"><strong><span style=\"text-decoration: underline\">INTRODUCCI\u00d3 A LA FOTOGRAFIA DIGITAL<\/span><\/strong> <\/span><\/p>\n<p><strong>REQUISITS:<\/strong><\/p>\n<p>\u25a1\u00a0\u00a0\u00a0\u00a0\u00a0\u00a0\u00a0 DIFICULTAT: BAIXA-MITJA<\/p>\n<p>\u25a1\u00a0\u00a0\u00a0\u00a0\u00a0\u00a0\u00a0 SABER MANEJAR EL RATOL\u00cd, LES FINESTRES, LES CARPETES\u2026<\/p>\n<p><strong>APRENENTATGE:<\/strong><\/p>\n<p>\u25a1\u00a0\u00a0\u00a0\u00a0\u00a0\u00a0\u00a0 CONEIXER LA TEVA CAMARA<\/p>\n<p>\u25a1\u00a0\u00a0\u00a0\u00a0\u00a0\u00a0\u00a0 UTILITZACI\u00d3 DE PROGRAMARI LLIURE (GIMP) I WEBS D\u2019INTERNET<\/p>\n<p>\u25a1\u00a0\u00a0\u00a0\u00a0\u00a0\u00a0\u00a0 RETOCAR FOTOGRAFIES<\/p>\n<p><strong>ACTIVITATS: <\/strong><\/p>\n<p>\u25a1\u00a0\u00a0\u00a0\u00a0\u00a0 SORTIDA FOTOGRAFICA PEL BARRI<\/p>\n<p>\u25a1\u00a0\u00a0\u00a0\u00a0\u00a0\u00a0\u00a0 PASSAR FOTOS A L\u2019ORDINADOR<\/p>\n<p>\u25a1\u00a0\u00a0\u00a0\u00a0\u00a0\u00a0\u00a0 RETOCS BASICS EN WEBS<\/p>\n<p>\u25a1\u00a0\u00a0\u00a0\u00a0\u00a0\u00a0\u00a0 FER COLLAGES<\/p>\n<p>\u25a1\u00a0\u00a0\u00a0\u00a0\u00a0\u00a0\u00a0 EDICI\u00d3 DE FOTOGRAFIES AMB EL GIMP: CANVI DE FONS, RETOCAR IMPERFECCIONS, AFEGIR TEXT I FORMES, DIBUIXAR FOTOGRAFIES, CANVIAR COLORS\u2026<\/p>\n<p>&nbsp;<\/p>\n<p><span style=\"color: #3366ff\"><strong><span style=\"text-decoration: underline\">SALA LLIURE<\/span><\/strong> <\/span><\/p>\n<p>\u25a1\u00a0\u00a0\u00a0\u00a0\u00a0\u00a0\u00a0 ACCES LLIURE A LA SALA SOTA LA SUPERVISI\u00d3 DE LA DINAMITZADORA<\/p>\n<p>\u25a1\u00a0\u00a0\u00a0\u00a0\u00a0\u00a0\u00a0 RESOLDRE DUBTES PERSONALS<\/p>\n<p>\u25a1\u00a0\u00a0\u00a0\u00a0\u00a0\u00a0\u00a0 CONECTAR-SE A INTERNET<\/p>\n<p>\u25a1\u00a0\u00a0\u00a0\u00a0\u00a0\u00a0\u00a0 \u00a0FER US DELS PROGRAMES QUE HI HA ALS ORDENADORS<\/p>\n<p>\u25a1\u00a0\u00a0\u00a0\u00a0\u00a0\u00a0\u00a0 PRACTICAR\u2026<\/p>\n<p>\u25a1\u00a0\u00a0\u00a0\u00a0\u00a0\u00a0\u00a0 POSIBILITAT DE PORTAR EL PORTATIL<\/p>\n<p>&#8212;&#8212;&#8212;&#8212;&#8212;&#8212;&#8212;&#8212;&#8212;&#8212;&#8212;&#8212;&#8212;&#8212;&#8212;&#8212;&#8212;&#8212;&#8212;&#8212;&#8212;&#8212;&#8212;&#8212;&#8212;&#8212;&#8212;&#8212;&#8212;&#8212;&#8212;&#8212;&#8212;&#8212;&#8212;&#8212;&#8212;&#8212;&#8212;&#8212;&#8212;&#8212;&#8212;&#8212;&#8212;&#8212;&#8212;<\/p>\n<p>&nbsp;<\/p>\n<p><span style=\"background-color: #3366ff\"><span style=\"color: #ffffff\"> 1er trimestre<\/span><\/span><\/p>\n<p>Los talleres del curso 2011- 2012 empezaran la semana del 19 de setiembre, y las <strong>inscripciones<\/strong> se pordr\u00e1n\u00a0 realizar a partir del d\u00eda <strong>12 de setiembre.<\/strong><\/p>\n<p><strong> Horario de los cursos para el <span style=\"text-decoration: underline\">1er trimestre<\/span> de 2011-12:<\/strong><\/p>\n<p><a href=\"http:\/\/xarxaomnia.gencat.cat\/blocs\/esclat\/files\/horari-1t-20111.jpg\"><img loading=\"lazy\" decoding=\"async\" class=\"aligncenter size-full wp-image-148\" title=\"horari 1t 2011\" src=\"http:\/\/xarxaomnia.gencat.cat\/blocs\/esclat\/files\/horari-1t-20111.jpg\" alt=\"\" width=\"432\" height=\"333\" srcset=\"https:\/\/bloc.xarxa-omnia.org\/esclat\/files\/horari-1t-20111.jpg 432w, https:\/\/bloc.xarxa-omnia.org\/esclat\/files\/horari-1t-20111-300x231.jpg 300w\" sizes=\"auto, (max-width: 432px) 100vw, 432px\" \/><\/a><\/p>\n<p><strong><span style=\"background-color: #3366ff\"><span style=\"color: #ffffff\">2010-2011 <\/span> <\/span><\/strong><\/p>\n<p><strong><span style=\"color: #000000\"><span style=\"background-color: #ffffff\"><span style=\"text-decoration: underline\"> 3er Trimestre\u00a0 2010-2011:<\/span><\/span><\/span><\/strong><\/p>\n<p><strong>Inscripcions:<\/strong> Setmana del 11 al 15 d\u2019Abril<\/p>\n<p><strong>Inici:<\/strong> Setmana del 26 al 29 d\u2019Abril.<\/p>\n<p><strong>Final:<\/strong> Setmana del 14 al 17 de Juny.<\/p>\n<p><strong> <a href=\"http:\/\/xarxaomnia.gencat.cat\/blocs\/esclat\/files\/horari-omnia-3er-trimestre-copia4.jpg\"><img loading=\"lazy\" decoding=\"async\" class=\"size-full wp-image-99 alignnone\" title=\"horari omnia 3er trimestre copia\" src=\"http:\/\/xarxaomnia.gencat.cat\/blocs\/esclat\/files\/horari-omnia-3er-trimestre-copia4.jpg\" alt=\"\" width=\"361\" height=\"450\" srcset=\"https:\/\/bloc.xarxa-omnia.org\/esclat\/files\/horari-omnia-3er-trimestre-copia4.jpg 602w, https:\/\/bloc.xarxa-omnia.org\/esclat\/files\/horari-omnia-3er-trimestre-copia4-240x300.jpg 240w\" sizes=\"auto, (max-width: 361px) 100vw, 361px\" \/><\/a><\/strong><\/p>\n<p><strong>C\u00e0psula 1: del 26 d\u2019abril al 20 de Maig<\/strong><\/p>\n<p><strong>Capsula 2: del 23 de maig al 17 de juny<\/strong><\/p>\n<p><a href=\"http:\/\/xarxaomnia.gencat.cat\/blocs\/esclat\/files\/HORARI-OMNIA-2T1.jpg\"><img loading=\"lazy\" decoding=\"async\" title=\"HORARI OMNIA 2T\" src=\"http:\/\/xarxaomnia.gencat.cat\/blocs\/esclat\/files\/HORARI-OMNIA-2T1.jpg\" alt=\"horario de los cursos de informatica del punto omnia\" width=\"333\" height=\"263\" \/><\/a><\/p>\n<p>Como ya sabr\u00e9is, la sala de inform\u00e1tica reserva un <strong>espacio abierto<\/strong> para que pod\u00e1is usarla libremente y preguntar dudas personales.<\/p>\n","protected":false},"excerpt":{"rendered":"<p>HORARI 2n TRIMESTRE CUINEM? Dilluns de 12:30h a 14:30h Ensenya el que saps, cuina en grup i comparteixa-ho en un blog. QU\u00c9 M&#8217;OFEREIXES? Dimarts de 13:30h a 11:30h Dinamitzaci\u00f3 comunit\u00e0ria, creaci\u00f3 d&#8217;activitats i sortides conjuntes. &#8220;T&#8217;ENSENYO PER APRENDRE&#8221; Dimarts i Dijous 18:30h a 19:15h. Activitats de mem\u00f2ria, m\u00f2bil, d&#8217;inform\u00e0tica i molt m\u00e9s. &#8220;ATREVEIX-TE&#8221; Dijous de [&hellip;]<\/p>\n","protected":false},"author":62,"featured_media":0,"parent":0,"menu_order":0,"comment_status":"closed","ping_status":"closed","template":"","meta":{"ngg_post_thumbnail":0,"footnotes":""},"class_list":["post-2","page","type-page","status-publish","hentry"],"_links":{"self":[{"href":"https:\/\/bloc.xarxa-omnia.org\/esclat\/wp-json\/wp\/v2\/pages\/2","targetHints":{"allow":["GET"]}}],"collection":[{"href":"https:\/\/bloc.xarxa-omnia.org\/esclat\/wp-json\/wp\/v2\/pages"}],"about":[{"href":"https:\/\/bloc.xarxa-omnia.org\/esclat\/wp-json\/wp\/v2\/types\/page"}],"author":[{"embeddable":true,"href":"https:\/\/bloc.xarxa-omnia.org\/esclat\/wp-json\/wp\/v2\/users\/62"}],"replies":[{"embeddable":true,"href":"https:\/\/bloc.xarxa-omnia.org\/esclat\/wp-json\/wp\/v2\/comments?post=2"}],"version-history":[{"count":88,"href":"https:\/\/bloc.xarxa-omnia.org\/esclat\/wp-json\/wp\/v2\/pages\/2\/revisions"}],"predecessor-version":[{"id":651,"href":"https:\/\/bloc.xarxa-omnia.org\/esclat\/wp-json\/wp\/v2\/pages\/2\/revisions\/651"}],"wp:attachment":[{"href":"https:\/\/bloc.xarxa-omnia.org\/esclat\/wp-json\/wp\/v2\/media?parent=2"}],"curies":[{"name":"wp","href":"https:\/\/api.w.org\/{rel}","templated":true}]}}