{"id":885,"date":"2013-10-17T16:39:02","date_gmt":"2013-10-17T14:39:02","guid":{"rendered":"http:\/\/blog.xarxa-omnia.org\/jornadesterritorials\/?page_id=885"},"modified":"2013-11-05T15:55:03","modified_gmt":"2013-11-05T13:55:03","slug":"badia-del-valles-bcn-nord","status":"publish","type":"page","link":"https:\/\/bloc.xarxa-omnia.org\/jornadesterritorials\/segon-semestre-de-2013\/badia-del-valles-bcn-nord\/","title":{"rendered":"Badia del Vall\u00e8s (Bcn Nord)"},"content":{"rendered":"<h1><a href=\"http:\/\/blog.xarxa-omnia.org\/jornadesterritorials\/inscripcio-i-comunicacions\/\"><img loading=\"lazy\" decoding=\"async\" class=\"alignright\" title=\"inscripcio\" src=\"http:\/\/blog.xarxa-omnia.org\/jornadesterritorials\/files\/2012\/05\/inscripcio.png\" alt=\"Inscriu-te!\" width=\"160\" height=\"195\" \/><\/a>Cooperaci\u00f3 amb el SOC<\/h1>\n<h2>Dimecres, 27 de novembre<\/h2>\n<h2>Punt \u00d2mnia Casal C\u00edvic Badia del Vall\u00e8s<\/h2>\n<p><em>La coordinaci\u00f3 amb el SOC esdev\u00e9 un element fonamental en qualsevol acci\u00f3 territorial adre\u00e7ada a la inserci\u00f3 laboral. En aquest sentit, la pluralitat dels Punts \u00d2mnia permet visualitzar diferents estrat\u00e8gies per articular aquesta cooperaci\u00f3. <\/em><\/p>\n<p><strong>Programa:<\/strong><\/p>\n<ul>\n<li>9.30 h Benvinguda, a c\u00e0rrec de la DGACC.<\/li>\n<li>\n10 h Presentaci\u00f3 de la tem\u00e0tica, contextualitzaci\u00f3 i aportacions de la dinamitzaci\u00f3 pr\u00e8via, a c\u00e0rrec de Jenny Cir\u00e9, t\u00e8cnica d\u2019Insercoop. <\/li>\n<li>10.30 h Presentacions d&#8217;experi\u00e8ncies: <\/li>\n<ul>\n<li><em>Coordinaci\u00f3 dels punts \u00d2mnia de Lleida amb el SOC<\/em>, a c\u00e0rrec dels seg\u00fcents dinamitzadors:<strong> Andrea Aribau<\/strong>, <strong>Maite Justo<\/strong> i <strong>Eugim Nu\u00f1ez<\/strong>, dels Punts \u00d2mnia Casal C\u00edvic Lleida &#8211; AV Blocs Joan Carles, Pius XII-Germanor i Associaci\u00f3 Futur.<\/li>\n<li><em>Acci\u00f3 formativa resultant de la coordinaci\u00f3 amb l&#8217;oficina de treball<\/em>, a c\u00e0rrec de <strong>Lidia Corbera<\/strong>, dinamitzadora del Punt \u00d2mnia d&#8217;Amposta.<\/li>\n<\/ul>\n<li>11.30 h Descans.<\/li>\n<li>12.00 h Grup de treball, condu\u00eft pel Servei de Coordinaci\u00f3 i Seguiment, i la L\u00ednia d&#8217;Inserci\u00f3 Social.<\/li>\n<li>13.45 h Cloenda.<\/li>\n<\/ul>\n<p><strong>Lloc:<\/strong> <a title=\"Dades de contacte del punt al web d'\u00d2mnia\" href=\"http:\/\/xarxa-omnia.org\/punt-omnia\/punt-mnia-casal-c-vic-badia-del-vall-s\">Punt \u00d2mnia Casal C\u00edvic Badia del Vall\u00e8s<\/a><br \/>\n<\/a><\/p>\n<p><strong>Adre\u00e7a:<\/strong> Pla\u00e7a de les Entitats s\/n, Badia del Vall\u00e8s<br \/>\n<iframe loading=\"lazy\" src=\"http:\/\/mapsengine.google.com\/map\/embed?mid=zIj6ryUPRJ5w.keo3Zngz3E4Q\" width=\"640\" height=\"480\"><\/iframe><\/p>\n","protected":false},"excerpt":{"rendered":"<p>Cooperaci\u00f3 amb el SOC Dimecres, 27 de novembre Punt \u00d2mnia Casal C\u00edvic Badia del Vall\u00e8s La coordinaci\u00f3 amb el SOC esdev\u00e9 un element fonamental en qualsevol acci\u00f3 territorial adre\u00e7ada a la inserci\u00f3 laboral. En aquest sentit, la pluralitat dels Punts \u00d2mnia permet visualitzar diferents estrat\u00e8gies per articular aquesta cooperaci\u00f3. Programa: 9.30 h Benvinguda, a c\u00e0rrec <a href=\"https:\/\/bloc.xarxa-omnia.org\/jornadesterritorials\/segon-semestre-de-2013\/badia-del-valles-bcn-nord\/#more-'\" class=\"more-link\">more \u00bb<\/a><\/p>\n","protected":false},"author":61,"featured_media":0,"parent":878,"menu_order":2,"comment_status":"open","ping_status":"open","template":"","meta":{"footnotes":""},"class_list":["post-885","page","type-page","status-publish","czr-hentry"],"_links":{"self":[{"href":"https:\/\/bloc.xarxa-omnia.org\/jornadesterritorials\/wp-json\/wp\/v2\/pages\/885","targetHints":{"allow":["GET"]}}],"collection":[{"href":"https:\/\/bloc.xarxa-omnia.org\/jornadesterritorials\/wp-json\/wp\/v2\/pages"}],"about":[{"href":"https:\/\/bloc.xarxa-omnia.org\/jornadesterritorials\/wp-json\/wp\/v2\/types\/page"}],"author":[{"embeddable":true,"href":"https:\/\/bloc.xarxa-omnia.org\/jornadesterritorials\/wp-json\/wp\/v2\/users\/61"}],"replies":[{"embeddable":true,"href":"https:\/\/bloc.xarxa-omnia.org\/jornadesterritorials\/wp-json\/wp\/v2\/comments?post=885"}],"version-history":[{"count":10,"href":"https:\/\/bloc.xarxa-omnia.org\/jornadesterritorials\/wp-json\/wp\/v2\/pages\/885\/revisions"}],"predecessor-version":[{"id":949,"href":"https:\/\/bloc.xarxa-omnia.org\/jornadesterritorials\/wp-json\/wp\/v2\/pages\/885\/revisions\/949"}],"up":[{"embeddable":true,"href":"https:\/\/bloc.xarxa-omnia.org\/jornadesterritorials\/wp-json\/wp\/v2\/pages\/878"}],"wp:attachment":[{"href":"https:\/\/bloc.xarxa-omnia.org\/jornadesterritorials\/wp-json\/wp\/v2\/media?parent=885"}],"curies":[{"name":"wp","href":"https:\/\/api.w.org\/{rel}","templated":true}]}}