{"id":480,"date":"2011-04-18T07:56:23","date_gmt":"2011-04-18T06:56:23","guid":{"rendered":"http:\/\/blog.xarxa-omnia.org\/laseu\/?page_id=480"},"modified":"2011-04-18T11:44:48","modified_gmt":"2011-04-18T10:44:48","slug":"prova-pilot-daccessibilitat","status":"publish","type":"page","link":"https:\/\/bloc.xarxa-omnia.org\/laseu\/prova-pilot-daccessibilitat\/","title":{"rendered":"Accessibilitat \u00d2mnia: diverses eines t\u00e8cniques i de programari"},"content":{"rendered":"<p>L\u2019any 2010 l\u2019Ajuntament de la Seu d&#8217;Urgell va rebre per part de la Generalitat de  Catalunya, la demanda de desenvolupar de forma pilot un programa d\u2019\u00fas  de material adaptat per a persones amb disminuci\u00f3 ps\u00edquica i f\u00edsica. Per  a portar-ho a terme la Generalitat va proporcionar diverses eines per a  poder atendre les necessitats d\u2019aquests col\u00b7lectius.<br \/>\nVal a dir que des de l&#8217;any 2004 el Punt \u00d2mnia de la Seu d&#8217;Urgell hi treballa amb col\u00b7lectius i persones amb capacitats diferents.<\/p>\n<p>Hem de dir que hem aconseguit que molts d&#8217;aquest participants tamb\u00e9 vinguin de manera aut\u00f2noma a les hores d&#8217;acc\u00e9s lliure o a les activitats extra de l&#8217;estiu, vacances de Nadal&#8230;etc.<\/p>\n<p>L\u2019espai d\u2019Accessibilitat aporta el valor afegit que significa arribar a tota la ciutadania  davant les necessitats emergents actuals . L\u2019Accessibilitat, es converteix en un dret  de la ciutadania discapacitada i, d\u2019altra banda, desperta la  sensibilitat d\u2019una Xarxa, \u00d2mnia, sempre atenta a contribuir a la  integraci\u00f3 i la qualitat de vida de les persones i millorar-la.<\/p>\n<div style=\"width:425px\" id=\"__ss_5351600\"> <strong style=\"display:block;margin:12px 0 4px\"><a href=\"http:\/\/www.slideshare.net\/omnia\/presentaci-la-seu-capacitat-diferents\" title=\"Presentaci\u00f3 La Seu &quot;Capacitat Diferents&quot;\">Presentaci\u00f3 La Seu &quot;Capacitat Diferents&quot;<\/a><\/strong> <iframe loading=\"lazy\" src=\"http:\/\/www.slideshare.net\/slideshow\/embed_code\/5351600\" width=\"425\" height=\"355\" frameborder=\"0\" marginwidth=\"0\" marginheight=\"0\" scrolling=\"no\"><\/iframe> <\/p>\n<div style=\"padding:5px 0 12px\"> View more <a href=\"http:\/\/www.slideshare.net\/\">presentations<\/a> from <a href=\"http:\/\/www.slideshare.net\/omnia\">Xarxa \u00d2mnia<\/a> <\/div>\n<\/p><\/div>\n","protected":false},"excerpt":{"rendered":"<p>L\u2019any 2010 l\u2019Ajuntament de la Seu d&#8217;Urgell va rebre per part de la Generalitat de Catalunya, la demanda de desenvolupar de forma pilot un programa d\u2019\u00fas de material adaptat per a persones amb disminuci\u00f3 ps\u00edquica i f\u00edsica. Per a portar-ho a terme la Generalitat va proporcionar diverses eines per a poder atendre les necessitats d\u2019aquests [&hellip;]<\/p>\n","protected":false},"author":92,"featured_media":0,"parent":0,"menu_order":0,"comment_status":"open","ping_status":"open","template":"","meta":{"ngg_post_thumbnail":0,"footnotes":""},"class_list":["post-480","page","type-page","status-publish","hentry"],"_links":{"self":[{"href":"https:\/\/bloc.xarxa-omnia.org\/laseu\/wp-json\/wp\/v2\/pages\/480","targetHints":{"allow":["GET"]}}],"collection":[{"href":"https:\/\/bloc.xarxa-omnia.org\/laseu\/wp-json\/wp\/v2\/pages"}],"about":[{"href":"https:\/\/bloc.xarxa-omnia.org\/laseu\/wp-json\/wp\/v2\/types\/page"}],"author":[{"embeddable":true,"href":"https:\/\/bloc.xarxa-omnia.org\/laseu\/wp-json\/wp\/v2\/users\/92"}],"replies":[{"embeddable":true,"href":"https:\/\/bloc.xarxa-omnia.org\/laseu\/wp-json\/wp\/v2\/comments?post=480"}],"version-history":[{"count":14,"href":"https:\/\/bloc.xarxa-omnia.org\/laseu\/wp-json\/wp\/v2\/pages\/480\/revisions"}],"predecessor-version":[{"id":499,"href":"https:\/\/bloc.xarxa-omnia.org\/laseu\/wp-json\/wp\/v2\/pages\/480\/revisions\/499"}],"wp:attachment":[{"href":"https:\/\/bloc.xarxa-omnia.org\/laseu\/wp-json\/wp\/v2\/media?parent=480"}],"curies":[{"name":"wp","href":"https:\/\/api.w.org\/{rel}","templated":true}]}}