{"id":725,"date":"2011-09-13T13:40:21","date_gmt":"2011-09-13T11:40:21","guid":{"rendered":"http:\/\/xarxaomnia.gencat.cat\/blocs\/omniaavvpomar\/?page_id=725"},"modified":"2011-09-13T13:48:54","modified_gmt":"2011-09-13T11:48:54","slug":"fotos-de-cursos","status":"publish","type":"page","link":"https:\/\/bloc.xarxa-omnia.org\/pomar\/fotos-de-cursos\/","title":{"rendered":"Fotos de cursos"},"content":{"rendered":"<table style=\"width:194px;\">\n<tr>\n<td align=\"center\" style=\"height:194px;background:url(https:\/\/picasaweb.google.com\/s\/c\/transparent_album_background.gif) no-repeat left\"><a href=\"https:\/\/picasaweb.google.com\/116821655714888074820\/FestaDelDimoniPomar2007?authuser=0&#038;authkey=Gv1sRgCNDW6dPKx8ayPw&#038;feat=embedwebsite\"><img loading=\"lazy\" decoding=\"async\" src=\"https:\/\/lh6.googleusercontent.com\/-PT4oK6kerTg\/TjEhruObEWE\/AAAAAAAAAmM\/ycy7Di-_ZXA\/s160-c\/FestaDelDimoniPomar2007.jpg\" width=\"160\" height=\"160\" style=\"margin:1px 0 0 4px;\"><\/a><\/td>\n<\/tr>\n<tr>\n<td style=\"text-align:center;font-family:arial,sans-serif;font-size:11px\"><a href=\"https:\/\/picasaweb.google.com\/116821655714888074820\/FestaDelDimoniPomar2007?authuser=0&#038;authkey=Gv1sRgCNDW6dPKx8ayPw&#038;feat=embedwebsite\" style=\"color:#4D4D4D;font-weight:bold;text-decoration:none;\">festa del dimoni Pomar 2007<\/a><\/td>\n<\/tr>\n<\/table>\n<table style=\"width:194px;\">\n<tr>\n<td align=\"center\" style=\"height:194px;background:url(https:\/\/picasaweb.google.com\/s\/c\/transparent_album_background.gif) no-repeat left\"><a href=\"https:\/\/picasaweb.google.com\/116821655714888074820\/GrupDeDones2007?authuser=0&#038;authkey=Gv1sRgCNnGpPrxq6H-SA&#038;feat=embedwebsite\"><img loading=\"lazy\" decoding=\"async\" src=\"https:\/\/lh5.googleusercontent.com\/-uh2cnYS5V2Q\/Tillj8fphmE\/AAAAAAAAAmQ\/LOzs2Wl07SI\/s160-c\/GrupDeDones2007.jpg\" width=\"160\" height=\"160\" style=\"margin:1px 0 0 4px;\"><\/a><\/td>\n<\/tr>\n<tr>\n<td style=\"text-align:center;font-family:arial,sans-serif;font-size:11px\"><a href=\"https:\/\/picasaweb.google.com\/116821655714888074820\/GrupDeDones2007?authuser=0&#038;authkey=Gv1sRgCNnGpPrxq6H-SA&#038;feat=embedwebsite\" style=\"color:#4D4D4D;font-weight:bold;text-decoration:none;\">Grup de Dones 2007<\/a><\/td>\n<\/tr>\n<\/table>\n<table style=\"width:194px;\">\n<tr>\n<td align=\"center\" style=\"height:194px;background:url(https:\/\/picasaweb.google.com\/s\/c\/transparent_album_background.gif) no-repeat left\"><a href=\"https:\/\/picasaweb.google.com\/116821655714888074820\/TallerIniciacioTardaGenerAbril_2007?authuser=0&#038;authkey=Gv1sRgCLrMw-if3tmojgE&#038;feat=embedwebsite\"><img loading=\"lazy\" decoding=\"async\" src=\"https:\/\/lh5.googleusercontent.com\/-Keao3qCuUo0\/TilpxSB_o_E\/AAAAAAAAAmY\/r72l63ckuRU\/s160-c\/TallerIniciacioTardaGenerAbril_2007.jpg\" width=\"160\" height=\"160\" style=\"margin:1px 0 0 4px;\"><\/a><\/td>\n<\/tr>\n<tr>\n<td style=\"text-align:center;font-family:arial,sans-serif;font-size:11px\"><a href=\"https:\/\/picasaweb.google.com\/116821655714888074820\/TallerIniciacioTardaGenerAbril_2007?authuser=0&#038;authkey=Gv1sRgCLrMw-if3tmojgE&#038;feat=embedwebsite\" style=\"color:#4D4D4D;font-weight:bold;text-decoration:none;\">Taller iniciaci\u00f3 tarda gener-abril_2007<\/a><\/td>\n<\/tr>\n<\/table>\n<table style=\"width:194px;\">\n<tr>\n<td align=\"center\" style=\"height:194px;background:url(https:\/\/picasaweb.google.com\/s\/c\/transparent_album_background.gif) no-repeat left\"><a href=\"https:\/\/picasaweb.google.com\/116821655714888074820\/IniciacioMatiAbrilJuny_2011?authuser=0&#038;authkey=Gv1sRgCI7J9c_K7fjlfA&#038;feat=embedwebsite\"><img loading=\"lazy\" decoding=\"async\" src=\"https:\/\/lh3.googleusercontent.com\/-lzZtUF55qBE\/TiltRSdlc2E\/AAAAAAAAAmc\/TYUI0hX_qZg\/s160-c\/IniciacioMatiAbrilJuny_2011.jpg\" width=\"160\" height=\"160\" style=\"margin:1px 0 0 4px;\"><\/a><\/td>\n<\/tr>\n<tr>\n<td style=\"text-align:center;font-family:arial,sans-serif;font-size:11px\"><a href=\"https:\/\/picasaweb.google.com\/116821655714888074820\/IniciacioMatiAbrilJuny_2011?authuser=0&#038;authkey=Gv1sRgCI7J9c_K7fjlfA&#038;feat=embedwebsite\" style=\"color:#4D4D4D;font-weight:bold;text-decoration:none;\">Iniciaci\u00f3 mati abril-juny_2011<\/a><\/td>\n<\/tr>\n<\/table>\n<table style=\"width:194px;\">\n<tr>\n<td align=\"center\" style=\"height:194px;background:url(https:\/\/picasaweb.google.com\/s\/c\/transparent_album_background.gif) no-repeat left\"><a href=\"https:\/\/picasaweb.google.com\/116821655714888074820\/IniciacioTardaAbrilJuny2011?authuser=0&#038;authkey=Gv1sRgCJe2tMfp7cTZoQE&#038;feat=embedwebsite\"><img loading=\"lazy\" decoding=\"async\" src=\"https:\/\/lh4.googleusercontent.com\/-m94KMtxrDNc\/Tilt77c4U-E\/AAAAAAAAAmg\/MXTvaT_g0EY\/s160-c\/IniciacioTardaAbrilJuny2011.jpg\" width=\"160\" height=\"160\" style=\"margin:1px 0 0 4px;\"><\/a><\/td>\n<\/tr>\n<tr>\n<td style=\"text-align:center;font-family:arial,sans-serif;font-size:11px\"><a href=\"https:\/\/picasaweb.google.com\/116821655714888074820\/IniciacioTardaAbrilJuny2011?authuser=0&#038;authkey=Gv1sRgCJe2tMfp7cTZoQE&#038;feat=embedwebsite\" style=\"color:#4D4D4D;font-weight:bold;text-decoration:none;\">iniciaci\u00f3 tarda abril-juny 2011<\/a><\/td>\n<\/tr>\n<\/table>\n<table style=\"width:194px;\">\n<tr>\n<td align=\"center\" style=\"height:194px;background:url(https:\/\/picasaweb.google.com\/s\/c\/transparent_album_background.gif) no-repeat left\"><a href=\"https:\/\/picasaweb.google.com\/116821655714888074820\/DinarFiDeCursos_Juny2011?authuser=0&#038;authkey=Gv1sRgCNeA5NjauYrfSQ&#038;feat=embedwebsite\"><img loading=\"lazy\" decoding=\"async\" src=\"https:\/\/lh6.googleusercontent.com\/-Odpy4z1qeDo\/Tilun2NarlE\/AAAAAAAAAfI\/fRL1LFvUxjU\/s160-c\/DinarFiDeCursos_Juny2011.jpg\" width=\"160\" height=\"160\" style=\"margin:1px 0 0 4px;\"><\/a><\/td>\n<\/tr>\n<tr>\n<td style=\"text-align:center;font-family:arial,sans-serif;font-size:11px\"><a href=\"https:\/\/picasaweb.google.com\/116821655714888074820\/DinarFiDeCursos_Juny2011?authuser=0&#038;authkey=Gv1sRgCNeA5NjauYrfSQ&#038;feat=embedwebsite\" style=\"color:#4D4D4D;font-weight:bold;text-decoration:none;\">dinar fi de cursos_ juny 2011<\/a><\/td>\n<\/tr>\n<\/table>\n<table style=\"width:194px;\">\n<tr>\n<td align=\"center\" style=\"height:194px;background:url(https:\/\/picasaweb.google.com\/s\/c\/transparent_album_background.gif) no-repeat left\"><a href=\"https:\/\/picasaweb.google.com\/116821655714888074820\/FestesDeMaig2011?authuser=0&#038;authkey=Gv1sRgCLHgroWLx_jTlwE&#038;feat=embedwebsite\"><img loading=\"lazy\" decoding=\"async\" src=\"https:\/\/lh5.googleusercontent.com\/-dYSatEpzgEw\/TilvAXaDTuE\/AAAAAAAAAfw\/zJBvtjWPQH4\/s160-c\/FestesDeMaig2011.jpg\" width=\"160\" height=\"160\" style=\"margin:1px 0 0 4px;\"><\/a><\/td>\n<\/tr>\n<tr>\n<td style=\"text-align:center;font-family:arial,sans-serif;font-size:11px\"><a href=\"https:\/\/picasaweb.google.com\/116821655714888074820\/FestesDeMaig2011?authuser=0&#038;authkey=Gv1sRgCLHgroWLx_jTlwE&#038;feat=embedwebsite\" style=\"color:#4D4D4D;font-weight:bold;text-decoration:none;\">Festes de maig 2011<\/a><\/td>\n<\/tr>\n<\/table>\n<table style=\"width:194px;\">\n<tr>\n<td align=\"center\" style=\"height:194px;background:url(https:\/\/picasaweb.google.com\/s\/c\/transparent_album_background.gif) no-repeat left\"><a href=\"https:\/\/picasaweb.google.com\/116821655714888074820\/Castanyada201002?authuser=0&#038;authkey=Gv1sRgCPXOqLCn_srljQE&#038;feat=embedwebsite\"><img loading=\"lazy\" decoding=\"async\" src=\"https:\/\/lh5.googleusercontent.com\/-1azSSgxueTQ\/TNmYMZpjPZE\/AAAAAAAAAZ4\/5gEMEt16PYk\/s160-c\/Castanyada201002.jpg\" width=\"160\" height=\"160\" style=\"margin:1px 0 0 4px;\"><\/a><\/td>\n<\/tr>\n<tr>\n<td style=\"text-align:center;font-family:arial,sans-serif;font-size:11px\"><a href=\"https:\/\/picasaweb.google.com\/116821655714888074820\/Castanyada201002?authuser=0&#038;authkey=Gv1sRgCPXOqLCn_srljQE&#038;feat=embedwebsite\" style=\"color:#4D4D4D;font-weight:bold;text-decoration:none;\">castanyada 2010<\/a><\/td>\n<\/tr>\n<\/table>\n<table style=\"width:194px;\">\n<tr>\n<td align=\"center\" style=\"height:194px;background:url(https:\/\/picasaweb.google.com\/s\/c\/transparent_album_background.gif) no-repeat left\"><a href=\"https:\/\/picasaweb.google.com\/116821655714888074820\/FotosIniciacioTarde_setDes2009?authuser=0&#038;authkey=Gv1sRgCICyuIj3_t74fg&#038;feat=embedwebsite\"><img loading=\"lazy\" decoding=\"async\" src=\"https:\/\/lh3.googleusercontent.com\/-Ns_bQezhiM0\/TNrY8nXz6LE\/AAAAAAAAAZ8\/lDg3XsZfEao\/s160-c\/FotosIniciacioTarde_setDes2009.jpg\" width=\"160\" height=\"160\" style=\"margin:1px 0 0 4px;\"><\/a><\/td>\n<\/tr>\n<tr>\n<td style=\"text-align:center;font-family:arial,sans-serif;font-size:11px\"><a href=\"https:\/\/picasaweb.google.com\/116821655714888074820\/FotosIniciacioTarde_setDes2009?authuser=0&#038;authkey=Gv1sRgCICyuIj3_t74fg&#038;feat=embedwebsite\" style=\"color:#4D4D4D;font-weight:bold;text-decoration:none;\">fotos iniciacio tarde_set-des 2009<\/a><\/td>\n<\/tr>\n<\/table>\n<table style=\"width:194px;\">\n<tr>\n<td align=\"center\" style=\"height:194px;background:url(https:\/\/picasaweb.google.com\/s\/c\/transparent_album_background.gif) no-repeat left\"><a href=\"https:\/\/picasaweb.google.com\/116821655714888074820\/TallerPresentacionPowerPoint2008?authuser=0&#038;authkey=Gv1sRgCJGRutzr_6KGsgE&#038;feat=embedwebsite\"><img loading=\"lazy\" decoding=\"async\" src=\"https:\/\/lh5.googleusercontent.com\/-9Ig871_62C4\/SmgmrUd8YME\/AAAAAAAAAaE\/SW4FFqridJQ\/s160-c\/TallerPresentacionPowerPoint2008.jpg\" width=\"160\" height=\"160\" style=\"margin:1px 0 0 4px;\"><\/a><\/td>\n<\/tr>\n<tr>\n<td style=\"text-align:center;font-family:arial,sans-serif;font-size:11px\"><a href=\"https:\/\/picasaweb.google.com\/116821655714888074820\/TallerPresentacionPowerPoint2008?authuser=0&#038;authkey=Gv1sRgCJGRutzr_6KGsgE&#038;feat=embedwebsite\" style=\"color:#4D4D4D;font-weight:bold;text-decoration:none;\">Taller presentaci\u00f3n power point 2008<\/a><\/td>\n<\/tr>\n<\/table>\n<table style=\"width:194px;\">\n<tr>\n<td align=\"center\" style=\"height:194px;background:url(https:\/\/picasaweb.google.com\/s\/c\/transparent_album_background.gif) no-repeat left\"><a href=\"https:\/\/picasaweb.google.com\/116821655714888074820\/MeriendaEstiu2008?authuser=0&#038;authkey=Gv1sRgCLa7vfTI67zHSw&#038;feat=embedwebsite\"><img loading=\"lazy\" decoding=\"async\" src=\"https:\/\/lh3.googleusercontent.com\/-hY4GnrHBiRE\/SmgsBaGKlVE\/AAAAAAAAAaI\/cta8PdBxubY\/s160-c\/MeriendaEstiu2008.jpg\" width=\"160\" height=\"160\" style=\"margin:1px 0 0 4px;\"><\/a><\/td>\n<\/tr>\n<tr>\n<td style=\"text-align:center;font-family:arial,sans-serif;font-size:11px\"><a href=\"https:\/\/picasaweb.google.com\/116821655714888074820\/MeriendaEstiu2008?authuser=0&#038;authkey=Gv1sRgCLa7vfTI67zHSw&#038;feat=embedwebsite\" style=\"color:#4D4D4D;font-weight:bold;text-decoration:none;\">Merienda estiu 2008<\/a><\/td>\n<\/tr>\n<\/table>\n<table style=\"width:194px;\">\n<tr>\n<td align=\"center\" style=\"height:194px;background:url(https:\/\/picasaweb.google.com\/s\/c\/transparent_album_background.gif) no-repeat left\"><a href=\"https:\/\/picasaweb.google.com\/116821655714888074820\/TalleresDeIniciacio_abrilJuny2009?authuser=0&#038;authkey=Gv1sRgCLKUsb7q0disyAE&#038;feat=embedwebsite\"><img loading=\"lazy\" decoding=\"async\" src=\"https:\/\/lh5.googleusercontent.com\/-MuQh-35zin0\/SmhPhQ_4SFE\/AAAAAAAAAmk\/dKUiHVaNOLs\/s160-c\/TalleresDeIniciacio_abrilJuny2009.jpg\" width=\"160\" height=\"160\" style=\"margin:1px 0 0 4px;\"><\/a><\/td>\n<\/tr>\n<tr>\n<td style=\"text-align:center;font-family:arial,sans-serif;font-size:11px\"><a href=\"https:\/\/picasaweb.google.com\/116821655714888074820\/TalleresDeIniciacio_abrilJuny2009?authuser=0&#038;authkey=Gv1sRgCLKUsb7q0disyAE&#038;feat=embedwebsite\" style=\"color:#4D4D4D;font-weight:bold;text-decoration:none;\">talleres de iniciaci\u00f3_abril-juny 2009<\/a><\/td>\n<\/tr>\n<\/table>\n<table style=\"width:194px;\">\n<tr>\n<td align=\"center\" style=\"height:194px;background:url(https:\/\/picasaweb.google.com\/s\/c\/transparent_album_background.gif) no-repeat left\"><a href=\"https:\/\/picasaweb.google.com\/116821655714888074820\/CursoTarde2?authuser=0&#038;authkey=Gv1sRgCNHnzLWo9f2H2AE&#038;feat=embedwebsite\"><img loading=\"lazy\" decoding=\"async\" src=\"https:\/\/lh4.googleusercontent.com\/-e12AYRZ11fU\/TNrUrY911JE\/AAAAAAAAAmo\/qFEtjvIekG0\/s160-c\/CursoTarde2.jpg\" width=\"160\" height=\"160\" style=\"margin:1px 0 0 4px;\"><\/a><\/td>\n<\/tr>\n<tr>\n<td style=\"text-align:center;font-family:arial,sans-serif;font-size:11px\"><a href=\"https:\/\/picasaweb.google.com\/116821655714888074820\/CursoTarde2?authuser=0&#038;authkey=Gv1sRgCNHnzLWo9f2H2AE&#038;feat=embedwebsite\" style=\"color:#4D4D4D;font-weight:bold;text-decoration:none;\">curso tarde2<\/a><\/td>\n<\/tr>\n<\/table>\n<table style=\"width:194px;\">\n<tr>\n<td align=\"center\" style=\"height:194px;background:url(https:\/\/picasaweb.google.com\/s\/c\/transparent_album_background.gif) no-repeat left\"><a href=\"https:\/\/picasaweb.google.com\/116821655714888074820\/TallerIntensiuEstiuTarda_2007?authuser=0&#038;authkey=Gv1sRgCOT4qqDAxMDdDg&#038;feat=embedwebsite\"><img loading=\"lazy\" decoding=\"async\" src=\"https:\/\/lh3.googleusercontent.com\/-LUdEHhiX2tw\/TNrUYmc34GE\/AAAAAAAAAms\/5BKSPcLYN_8\/s160-c\/TallerIntensiuEstiuTarda_2007.jpg\" width=\"160\" height=\"160\" style=\"margin:1px 0 0 4px;\"><\/a><\/td>\n<\/tr>\n<tr>\n<td style=\"text-align:center;font-family:arial,sans-serif;font-size:11px\"><a href=\"https:\/\/picasaweb.google.com\/116821655714888074820\/TallerIntensiuEstiuTarda_2007?authuser=0&#038;authkey=Gv1sRgCOT4qqDAxMDdDg&#038;feat=embedwebsite\" style=\"color:#4D4D4D;font-weight:bold;text-decoration:none;\">Taller intensiu estiu tarda_2007<\/a><\/td>\n<\/tr>\n<\/table>\n<table style=\"width:194px;\">\n<tr>\n<td align=\"center\" style=\"height:194px;background:url(https:\/\/picasaweb.google.com\/s\/c\/transparent_album_background.gif) no-repeat left\"><a href=\"https:\/\/picasaweb.google.com\/116821655714888074820\/TallerIntensiuEstiu_mati2007?authuser=0&#038;authkey=Gv1sRgCNf53emV3uq-ZA&#038;feat=embedwebsite\"><img loading=\"lazy\" decoding=\"async\" src=\"https:\/\/lh6.googleusercontent.com\/-izZm1MEs20I\/TNrUMjuqBfE\/AAAAAAAAAmw\/m209keOggzM\/s160-c\/TallerIntensiuEstiu_mati2007.jpg\" width=\"160\" height=\"160\" style=\"margin:1px 0 0 4px;\"><\/a><\/td>\n<\/tr>\n<tr>\n<td style=\"text-align:center;font-family:arial,sans-serif;font-size:11px\"><a href=\"https:\/\/picasaweb.google.com\/116821655714888074820\/TallerIntensiuEstiu_mati2007?authuser=0&#038;authkey=Gv1sRgCNf53emV3uq-ZA&#038;feat=embedwebsite\" style=\"color:#4D4D4D;font-weight:bold;text-decoration:none;\">Taller intensiu estiu_mati 2007<\/a><\/td>\n<\/tr>\n<\/table>\n<table style=\"width:194px;\">\n<tr>\n<td align=\"center\" style=\"height:194px;background:url(https:\/\/picasaweb.google.com\/s\/c\/transparent_album_background.gif) no-repeat left\"><a href=\"https:\/\/picasaweb.google.com\/116821655714888074820\/FotosIniciacioTarda_setDes2008?authuser=0&#038;authkey=Gv1sRgCOjf5uTSwve0nwE&#038;feat=embedwebsite\"><img loading=\"lazy\" decoding=\"async\" src=\"https:\/\/lh4.googleusercontent.com\/-9Ebcl2tELZ4\/TNrToVcxm5E\/AAAAAAAAAm0\/L2x2DOuNyFU\/s160-c\/FotosIniciacioTarda_setDes2008.jpg\" width=\"160\" height=\"160\" style=\"margin:1px 0 0 4px;\"><\/a><\/td>\n<\/tr>\n<tr>\n<td style=\"text-align:center;font-family:arial,sans-serif;font-size:11px\"><a href=\"https:\/\/picasaweb.google.com\/116821655714888074820\/FotosIniciacioTarda_setDes2008?authuser=0&#038;authkey=Gv1sRgCOjf5uTSwve0nwE&#038;feat=embedwebsite\" style=\"color:#4D4D4D;font-weight:bold;text-decoration:none;\">fotos iniciacio tarda_set-des 2008<\/a><\/td>\n<\/tr>\n<\/table>\n","protected":false},"excerpt":{"rendered":"<p>festa del dimoni Pomar 2007 Grup de Dones 2007 Taller iniciaci\u00f3 tarda gener-abril_2007 Iniciaci\u00f3 mati abril-juny_2011 iniciaci\u00f3 tarda abril-juny 2011 dinar fi de cursos_ juny 2011 Festes de maig 2011 castanyada 2010 fotos iniciacio tarde_set-des 2009 Taller presentaci\u00f3n power point 2008 Merienda estiu 2008 talleres de iniciaci\u00f3_abril-juny 2009 curso tarde2 Taller intensiu estiu tarda_2007 Taller &#8230; <span class=\"more\"><a class=\"more-link\" href=\"https:\/\/bloc.xarxa-omnia.org\/pomar\/fotos-de-cursos\/\">[Read more&#8230;]<\/a><\/span><\/p>\n","protected":false},"author":101,"featured_media":0,"parent":0,"menu_order":0,"comment_status":"open","ping_status":"open","template":"","meta":{"footnotes":""},"class_list":["entry","page","publish","author-omniaavvpomar","post-725"],"_links":{"self":[{"href":"https:\/\/bloc.xarxa-omnia.org\/pomar\/wp-json\/wp\/v2\/pages\/725","targetHints":{"allow":["GET"]}}],"collection":[{"href":"https:\/\/bloc.xarxa-omnia.org\/pomar\/wp-json\/wp\/v2\/pages"}],"about":[{"href":"https:\/\/bloc.xarxa-omnia.org\/pomar\/wp-json\/wp\/v2\/types\/page"}],"author":[{"embeddable":true,"href":"https:\/\/bloc.xarxa-omnia.org\/pomar\/wp-json\/wp\/v2\/users\/101"}],"replies":[{"embeddable":true,"href":"https:\/\/bloc.xarxa-omnia.org\/pomar\/wp-json\/wp\/v2\/comments?post=725"}],"version-history":[{"count":3,"href":"https:\/\/bloc.xarxa-omnia.org\/pomar\/wp-json\/wp\/v2\/pages\/725\/revisions"}],"predecessor-version":[{"id":727,"href":"https:\/\/bloc.xarxa-omnia.org\/pomar\/wp-json\/wp\/v2\/pages\/725\/revisions\/727"}],"wp:attachment":[{"href":"https:\/\/bloc.xarxa-omnia.org\/pomar\/wp-json\/wp\/v2\/media?parent=725"}],"curies":[{"name":"wp","href":"https:\/\/api.w.org\/{rel}","templated":true}]}}