{"id":2,"date":"2020-06-02T17:20:36","date_gmt":"2020-06-02T15:20:36","guid":{"rendered":"http:\/\/bloc.xarxa-omnia.org\/puntmartorell\/?page_id=2"},"modified":"2020-06-16T13:26:04","modified_gmt":"2020-06-16T11:26:04","slug":"pagina-exemple","status":"publish","type":"page","link":"https:\/\/bloc.xarxa-omnia.org\/puntmartorell\/pagina-exemple\/","title":{"rendered":"Qu\u00e8 \u00e9s el Punt \u00d2mnia?"},"content":{"rendered":"\n<div class=\"wp-block-image\"><figure class=\"alignright size-large is-resized\"><a href=\"https:\/\/xarxaomnia.gencat.cat\/\"><img loading=\"lazy\" decoding=\"async\" src=\"http:\/\/bloc.xarxa-omnia.org\/puntmartorell\/files\/2020\/06\/logotip_omnia_188x63.png\" alt=\"\" class=\"wp-image-14\" width=\"239\" height=\"80\" \/><\/a><\/figure><\/div>\n\n\n\n<p class=\"has-text-align-center\">La Xarxa \u00d2mnia, de la Direcci\u00f3 General d\u2019Acci\u00f3 C\u00edvica i Comunit\u00e0ria, \u00e9s un programa preventiu, socioeducatiu, comunitari i de suport a col\u00b7lectius amb major risc de vulnerabilitat.<\/p>\n\n\n\n<p class=\"has-text-align-center\">\u00d2mnia, \u00e9s un programa universal d\u2019intervenci\u00f3 social, que utilitzant com a instrument les eines TIC, cerca millorar i afavorir, tant individual com col\u00b7lectivament, la inclusi\u00f3 i la vinculaci\u00f3 de les persones a la comunitat.<\/p>\n\n\n\n<p class=\"has-text-align-center\">Va adre\u00e7at a la poblaci\u00f3 general, per\u00f2 amb discriminaci\u00f3 positiva vers les persones en risc social i m\u00e9s si precisen millorar les seves capacitats per a superar les seves dificultats d\u2019acc\u00e9s a les tecnologies d\u2019informaci\u00f3, per tal d\u2019evitar la seva exclusi\u00f3 de la comunitat, posant especial \u00e8mfasi en les persones en situaci\u00f3 d\u2019atur, infants i joves, gent gran i fam\u00edlies.<\/p>\n\n\n\n<p class=\"has-text-align-center\">El factor d\u2019exclusi\u00f3 provocat pel coneixement digital insuficient pot afectar diverses persones i grups. Aquesta realitat fa que a \u00d2mnia hi hagi una \u00e0mplia&nbsp;diversitat&nbsp;d\u2019usuaris amb situacions i de proced\u00e8ncia diferents. L&#8217;espai \u00d2mnia disminueix les difer\u00e8ncies i n\u2019afavoreix la normalitzaci\u00f3.<\/p>\n\n\n\n<p class=\"has-text-align-center\">T\u00e9 com a finalitat \u00e9sser un recurs que participa, conjuntament amb la resta de dispositius del territori, en la consecuci\u00f3 dels objectius d\u2019integraci\u00f3 i cohesi\u00f3 social de la poblaci\u00f3 del seu entorn.<\/p>\n\n\n\n<p class=\"has-text-align-center\">\u00d2mnia ofereix espais i equipaments d\u2019utilitzaci\u00f3 p\u00fablica i compta amb el suport d\u2019un professional, que dinamitza l\u2019espai i assessora les persones usu\u00e0ries del Punt. El paper del dinamitzador\/a \u00e9s fonamental per desenvolupar el programa a cada territori i aconseguir que cada \u00d2mnia sigui un espai d\u2019acolliment, d\u2019informaci\u00f3, d\u2019aprenentatge, de socialitzaci\u00f3 i de participaci\u00f3 en la comunitat.<\/p>\n\n\n\n<p><\/p>\n","protected":false},"excerpt":{"rendered":"<p>La Xarxa \u00d2mnia, de la Direcci\u00f3 General d\u2019Acci\u00f3 C\u00edvica i Comunit\u00e0ria, \u00e9s un programa preventiu, socioeducatiu, comunitari i de suport a col\u00b7lectius amb major risc de vulnerabilitat. \u00d2mnia, \u00e9s un programa universal d\u2019intervenci\u00f3 social, que utilitzant com a instrument les eines TIC, cerca millorar i afavorir, tant individual com col\u00b7lectivament, la inclusi\u00f3 i la vinculaci\u00f3 [&hellip;]<\/p>\n","protected":false},"author":200,"featured_media":0,"parent":0,"menu_order":0,"comment_status":"closed","ping_status":"open","template":"","meta":{"footnotes":""},"class_list":["post-2","page","type-page","status-publish","czr-hentry"],"_links":{"self":[{"href":"https:\/\/bloc.xarxa-omnia.org\/puntmartorell\/wp-json\/wp\/v2\/pages\/2","targetHints":{"allow":["GET"]}}],"collection":[{"href":"https:\/\/bloc.xarxa-omnia.org\/puntmartorell\/wp-json\/wp\/v2\/pages"}],"about":[{"href":"https:\/\/bloc.xarxa-omnia.org\/puntmartorell\/wp-json\/wp\/v2\/types\/page"}],"author":[{"embeddable":true,"href":"https:\/\/bloc.xarxa-omnia.org\/puntmartorell\/wp-json\/wp\/v2\/users\/200"}],"replies":[{"embeddable":true,"href":"https:\/\/bloc.xarxa-omnia.org\/puntmartorell\/wp-json\/wp\/v2\/comments?post=2"}],"version-history":[{"count":5,"href":"https:\/\/bloc.xarxa-omnia.org\/puntmartorell\/wp-json\/wp\/v2\/pages\/2\/revisions"}],"predecessor-version":[{"id":155,"href":"https:\/\/bloc.xarxa-omnia.org\/puntmartorell\/wp-json\/wp\/v2\/pages\/2\/revisions\/155"}],"wp:attachment":[{"href":"https:\/\/bloc.xarxa-omnia.org\/puntmartorell\/wp-json\/wp\/v2\/media?parent=2"}],"curies":[{"name":"wp","href":"https:\/\/api.w.org\/{rel}","templated":true}]}}