{"id":158,"date":"2013-10-02T11:59:38","date_gmt":"2013-10-02T09:59:38","guid":{"rendered":"http:\/\/xarxaomnia.gencat.cat\/blocs\/puntsmniamanresa\/?page_id=158"},"modified":"2014-01-15T19:26:31","modified_gmt":"2014-01-15T17:26:31","slug":"horaris","status":"publish","type":"page","link":"https:\/\/bloc.xarxa-omnia.org\/puntsmniamanresa\/horaris\/","title":{"rendered":"Horaris dels Punts"},"content":{"rendered":"<p>En aquesta secci\u00f3 trobareu els horaris dels tres Punts \u00d2mnia de Manresa.<\/p>\n<p style=\"text-align: center;\"><strong><span style=\"text-decoration: underline;\">HORARIS DE GENER A L&#8217;ABRIL DE 2014<\/span><\/strong><\/p>\n<p style=\"text-align: center;\"><span style=\"font-weight: bold;\">Punt \u00d2mnia AV Font dels Capellans<\/span><\/p>\n<p style=\"text-align: center;\"><strong><a href=\"http:\/\/blog.xarxa-omnia.org\/puntsmniamanresa\/files\/2013\/10\/horari_1r_trimestre_2014.jpg\"><img loading=\"lazy\" decoding=\"async\" class=\"aligncenter size-medium wp-image-177\" title=\"horari_1r_trimestre_2014\" src=\"http:\/\/blog.xarxa-omnia.org\/puntsmniamanresa\/files\/2013\/10\/horari_1r_trimestre_2014-300x225.jpg\" alt=\"\" width=\"300\" height=\"225\" \/><\/a><\/strong><\/p>\n<p style=\"text-align: center;\"><strong>Punt \u00d2mnia El Xup<\/strong><\/p>\n<div style=\"text-align: center;\"><strong><\/p>\n<div id=\"attachment_195\" style=\"width: 429px\" class=\"wp-caption aligncenter\"><a href=\"http:\/\/blog.xarxa-omnia.org\/puntsmniamanresa\/files\/2013\/10\/horari2014.jpg\"><img loading=\"lazy\" decoding=\"async\" aria-describedby=\"caption-attachment-195\" class=\"size-full wp-image-195  \" title=\"horari2014\" src=\"http:\/\/blog.xarxa-omnia.org\/puntsmniamanresa\/files\/2013\/10\/horari2014.jpg\" alt=\"\" width=\"423\" height=\"284\" srcset=\"https:\/\/bloc.xarxa-omnia.org\/puntsmniamanresa\/files\/2013\/10\/horari2014.jpg 755w, https:\/\/bloc.xarxa-omnia.org\/puntsmniamanresa\/files\/2013\/10\/horari2014-300x201.jpg 300w\" sizes=\"auto, (max-width: 423px) 100vw, 423px\" \/><\/a><p id=\"caption-attachment-195\" class=\"wp-caption-text\">Horari PuntOmniaXup<\/p><\/div>\n<p><\/strong><\/div>\n<p><strong> <\/strong><\/p>\n<p><strong> <\/strong><\/p>\n<p><strong> <\/strong><\/p>\n<p><strong> <\/strong><\/p>\n","protected":false},"excerpt":{"rendered":"<p>En aquesta secci\u00f3 trobareu els horaris dels tres Punts \u00d2mnia de Manresa. HORARIS DE GENER A L&#8217;ABRIL DE 2014 Punt \u00d2mnia AV Font dels Capellans Punt \u00d2mnia El Xup<\/p>\n","protected":false},"author":139,"featured_media":0,"parent":0,"menu_order":3,"comment_status":"closed","ping_status":"open","template":"","meta":{"footnotes":""},"class_list":["post-158","page","type-page","status-publish","hentry"],"_links":{"self":[{"href":"https:\/\/bloc.xarxa-omnia.org\/puntsmniamanresa\/wp-json\/wp\/v2\/pages\/158","targetHints":{"allow":["GET"]}}],"collection":[{"href":"https:\/\/bloc.xarxa-omnia.org\/puntsmniamanresa\/wp-json\/wp\/v2\/pages"}],"about":[{"href":"https:\/\/bloc.xarxa-omnia.org\/puntsmniamanresa\/wp-json\/wp\/v2\/types\/page"}],"author":[{"embeddable":true,"href":"https:\/\/bloc.xarxa-omnia.org\/puntsmniamanresa\/wp-json\/wp\/v2\/users\/139"}],"replies":[{"embeddable":true,"href":"https:\/\/bloc.xarxa-omnia.org\/puntsmniamanresa\/wp-json\/wp\/v2\/comments?post=158"}],"version-history":[{"count":15,"href":"https:\/\/bloc.xarxa-omnia.org\/puntsmniamanresa\/wp-json\/wp\/v2\/pages\/158\/revisions"}],"predecessor-version":[{"id":166,"href":"https:\/\/bloc.xarxa-omnia.org\/puntsmniamanresa\/wp-json\/wp\/v2\/pages\/158\/revisions\/166"}],"wp:attachment":[{"href":"https:\/\/bloc.xarxa-omnia.org\/puntsmniamanresa\/wp-json\/wp\/v2\/media?parent=158"}],"curies":[{"name":"wp","href":"https:\/\/api.w.org\/{rel}","templated":true}]}}